{"id":12466,"date":"2026-04-09T14:51:51","date_gmt":"2026-04-09T17:51:51","guid":{"rendered":"https:\/\/lavozdetodos.com.ar\/?page_id=12466"},"modified":"2026-09-02T14:48:17","modified_gmt":"2026-09-02T17:48:17","slug":"inicio2026","status":"publish","type":"page","link":"https:\/\/lavozdetodos.com.ar\/","title":{"rendered":"Inicio2026"},"content":{"rendered":"\t\t<div data-elementor-type=\"wp-page\" data-elementor-id=\"12466\" class=\"elementor elementor-12466\">\n\t\t\t\t<div class=\"elementor-element elementor-element-f61c7a7 e-flex e-con-boxed e-con e-parent\" data-id=\"f61c7a7\" data-element_type=\"container\" data-e-type=\"container\">\n\t\t\t\t\t<div class=\"e-con-inner\">\n\t\t<div class=\"elementor-element elementor-element-73f57bd e-con-full e-flex e-con e-child\" data-id=\"73f57bd\" data-element_type=\"container\" data-e-type=\"container\">\n\t\t\t\t<div class=\"elementor-element elementor-element-13587c6 elementor-widget elementor-widget-shortcode\" data-id=\"13587c6\" data-element_type=\"widget\" data-e-type=\"widget\" data-widget_type=\"shortcode.default\">\n\t\t\t\t<div class=\"elementor-widget-container\">\n\t\t\t\t\t\t\t<div class=\"elementor-shortcode\">    <style>\n    .tun-wrap {\n        display: flex;\n        align-items: center;\n        background: #ffffff;\n        border: 0.5px solid rgba(0,0,0,0.12);\n        border-radius: 6px;\n        overflow: hidden;\n        height: 42px;\n        width: 100%;\n        box-sizing: border-box;\n        font-family: inherit;\n    }\n    .tun-label {\n        background: #ff0000;\n        color: #ffffff;\n        font-size: 12px;\n        font-weight: 600;\n        padding: 0 16px;\n        height: 100%;\n        display: flex;\n        align-items: center;\n        white-space: nowrap;\n        flex-shrink: 0;\n        text-transform: uppercase;\n        letter-spacing: 0.05em;\n    }\n    .tun-viewport {\n        flex: 1;\n        overflow: hidden;\n        height: 100%;\n        position: relative;\n    }\n    .tun-track {\n        display: flex;\n        align-items: center;\n        height: 100%;\n        white-space: nowrap;\n        will-change: transform;\n    }\n    .tun-item {\n        display: inline-flex;\n        align-items: center;\n        padding: 0 36px 0 0;\n        font-size: 14px;\n        color: #1a1a1a;\n        text-decoration: none;\n        transition: color 0.2s;\n    }\n    .tun-item:hover {\n        color: #d32f2f;\n        text-decoration: none;\n    }\n    .tun-item::before {\n        content: \"\u25cf\";\n        color: #d32f2f;\n        font-size: 7px;\n        margin-right: 10px;\n        flex-shrink: 0;\n    }\n    @media (max-width: 768px) {\n        .tun-item {\n            font-size: 17px;\n        }\n        .tun-label {\n            font-size: 11px;\n            padding: 0 10px;\n        }\n        .tun-wrap {\n            height: 46px;\n        }\n    }\n    <\/style>\n\n    <div class=\"tun-wrap\" id=\"tun_9031\">\n        <div class=\"tun-label\">\u00daltimas noticias<\/div>\n        <div class=\"tun-viewport\">\n            <div class=\"tun-track\" id=\"tun_9031_track\">\n                <a href=\"https:\/\/lavozdetodos.com.ar\/?p=14095\" class=\"tun-item\">Arroyo Bar\u00fa recibi\u00f3 a estudiantes en una jornada de intercambio<\/a><a href=\"https:\/\/lavozdetodos.com.ar\/?p=14092\" class=\"tun-item\">Pronunciamiento: Sandoval recibi\u00f3 a directivos de escuela<\/a><a href=\"https:\/\/lavozdetodos.com.ar\/?p=14089\" class=\"tun-item\">San Jos\u00e9 celebra la 13.\u00aa edici\u00f3n de conciertos corales<\/a><a href=\"https:\/\/lavozdetodos.com.ar\/?p=14086\" class=\"tun-item\">San Jos\u00e9 presenta \u201cEl Verano M\u00e1s Largo de Entre R\u00edos\u201d<\/a><a href=\"https:\/\/lavozdetodos.com.ar\/?p=14095\" class=\"tun-item\">Arroyo Bar\u00fa recibi\u00f3 a estudiantes en una jornada de intercambio<\/a><a href=\"https:\/\/lavozdetodos.com.ar\/?p=14092\" class=\"tun-item\">Pronunciamiento: Sandoval recibi\u00f3 a directivos de escuela<\/a><a href=\"https:\/\/lavozdetodos.com.ar\/?p=14089\" class=\"tun-item\">San Jos\u00e9 celebra la 13.\u00aa edici\u00f3n de conciertos corales<\/a><a href=\"https:\/\/lavozdetodos.com.ar\/?p=14086\" class=\"tun-item\">San Jos\u00e9 presenta \u201cEl Verano M\u00e1s Largo de Entre R\u00edos\u201d<\/a>            <\/div>\n        <\/div>\n    <\/div>\n\n    <script>\n    (function() {\n        var speed = 1;\n        var trackEl = document.getElementById('tun_9031_track');\n        var pos = 0;\n        var halfW = 0;\n\n        function measureHalf() {\n            var children = trackEl.querySelectorAll('.tun-item');\n            var total = children.length;\n            var half = Math.floor(total \/ 2);\n            var w = 0;\n            for (var i = 0; i < half; i++) {\n                w += children[i].offsetWidth;\n            }\n            return w;\n        }\n\n        function animate() {\n            pos -= speed;\n            if (pos <= -halfW) pos = 0;\n            trackEl.style.transform = 'translateX(' + pos + 'px)';\n            requestAnimationFrame(animate);\n        }\n\n        \/\/ Pausar al pasar el mouse\n        var wrap = document.getElementById('tun_9031');\n        var paused = false;\n        wrap.addEventListener('mouseenter', function() { paused = true; });\n        wrap.addEventListener('mouseleave', function() { paused = false; });\n\n        function animatePausable() {\n            if (!paused) {\n                pos -= speed;\n                if (pos <= -halfW) pos = 0;\n                trackEl.style.transform = 'translateX(' + pos + 'px)';\n            }\n            requestAnimationFrame(animatePausable);\n        }\n\n        \/\/ Esperar a que el DOM est\u00e9 listo para medir\n        function init() {\n            halfW = measureHalf();\n            if (halfW === 0) {\n                setTimeout(init, 100);\n                return;\n            }\n            animatePausable();\n        }\n\n        if (document.readyState === 'loading') {\n            document.addEventListener('DOMContentLoaded', init);\n        } else {\n            setTimeout(init, 50);\n        }\n    })();\n    <\/script>\n    <\/div>\n\t\t\t\t\t\t<\/div>\n\t\t\t\t<\/div>\n\t\t\t\t<\/div>\n\t\t<div class=\"elementor-element elementor-element-e0be3ea e-con-full e-flex e-con e-child\" data-id=\"e0be3ea\" data-element_type=\"container\" data-e-type=\"container\">\n\t\t<div class=\"elementor-element elementor-element-0e9ada7 e-con-full elementor-hidden-mobile e-flex e-con e-child\" data-id=\"0e9ada7\" data-element_type=\"container\" data-e-type=\"container\">\n\t\t\t\t<div class=\"elementor-element elementor-element-e1602b4 elementor-widget elementor-widget-button\" data-id=\"e1602b4\" data-element_type=\"widget\" data-e-type=\"widget\" data-widget_type=\"button.default\">\n\t\t\t\t<div class=\"elementor-widget-container\">\n\t\t\t\t\t\t\t\t\t<div class=\"elementor-button-wrapper\">\n\t\t\t\t\t<a class=\"elementor-button elementor-button-link elementor-size-sm\" href=\"https:\/\/lavozdetodos.com.ar\/#DOLAR\">\n\t\t\t\t\t\t<span class=\"elementor-button-content-wrapper\">\n\t\t\t\t\t\t\t\t\t<span class=\"elementor-button-text\">DOLAR HOY<\/span>\n\t\t\t\t\t<\/span>\n\t\t\t\t\t<\/a>\n\t\t\t\t<\/div>\n\t\t\t\t\t\t\t\t<\/div>\n\t\t\t\t<\/div>\n\t\t\t\t<div class=\"elementor-element elementor-element-ed8a40a elementor-widget elementor-widget-button\" data-id=\"ed8a40a\" data-element_type=\"widget\" data-e-type=\"widget\" data-widget_type=\"button.default\">\n\t\t\t\t<div class=\"elementor-widget-container\">\n\t\t\t\t\t\t\t\t\t<div class=\"elementor-button-wrapper\">\n\t\t\t\t\t<a class=\"elementor-button elementor-button-link elementor-size-sm\" href=\"https:\/\/lavozdetodos.com.ar\/#DOLAR\">\n\t\t\t\t\t\t<span class=\"elementor-button-content-wrapper\">\n\t\t\t\t\t\t\t\t\t<span class=\"elementor-button-text\">LOTERIAS<\/span>\n\t\t\t\t\t<\/span>\n\t\t\t\t\t<\/a>\n\t\t\t\t<\/div>\n\t\t\t\t\t\t\t\t<\/div>\n\t\t\t\t<\/div>\n\t\t\t\t<div class=\"elementor-element elementor-element-0b66a5a elementor-widget elementor-widget-button\" data-id=\"0b66a5a\" data-element_type=\"widget\" data-e-type=\"widget\" data-widget_type=\"button.default\">\n\t\t\t\t<div class=\"elementor-widget-container\">\n\t\t\t\t\t\t\t\t\t<div class=\"elementor-button-wrapper\">\n\t\t\t\t\t<a class=\"elementor-button elementor-button-link elementor-size-sm\" href=\"https:\/\/lavozdetodos.com.ar\/#DOLAR\">\n\t\t\t\t\t\t<span class=\"elementor-button-content-wrapper\">\n\t\t\t\t\t\t\t\t\t<span class=\"elementor-button-text\">QUINI 6<\/span>\n\t\t\t\t\t<\/span>\n\t\t\t\t\t<\/a>\n\t\t\t\t<\/div>\n\t\t\t\t\t\t\t\t<\/div>\n\t\t\t\t<\/div>\n\t\t\t\t<\/div>\n\t\t\t\t<\/div>\n\t\t\t\t\t<\/div>\n\t\t\t\t<\/div>\n\t\t<div class=\"elementor-element elementor-element-666975b elementor-hidden-tablet e-flex e-con-boxed e-con e-parent\" data-id=\"666975b\" data-element_type=\"container\" data-e-type=\"container\">\n\t\t\t\t\t<div class=\"e-con-inner\">\n\t\t<div class=\"elementor-element elementor-element-d076994 e-con-full e-flex e-con e-child\" data-id=\"d076994\" data-element_type=\"container\" data-e-type=\"container\">\n\t\t\t\t<div class=\"elementor-element elementor-element-12acaf1 elementor-grid-eael-col-1 elementor-grid-tablet-eael-col-1 elementor-widget-tablet__width-initial elementor-grid-mobile-eael-col-1 elementor-widget elementor-widget-eael-post-grid\" data-id=\"12acaf1\" data-element_type=\"widget\" data-e-type=\"widget\" data-settings=\"{&quot;eael_post_grid_columns&quot;:&quot;eael-col-1&quot;,&quot;eael_post_grid_columns_tablet&quot;:&quot;eael-col-1&quot;,&quot;eael_post_grid_columns_mobile&quot;:&quot;eael-col-1&quot;}\" data-widget_type=\"eael-post-grid.default\">\n\t\t\t\t<div class=\"elementor-widget-container\">\n\t\t\t\t\t<div id=\"eael-post-grid-12acaf1\" class=\"eael-post-grid-container\">\n            <div class=\"eael-post-grid eael-post-appender eael-post-appender-12acaf1 eael-post-grid-style-two\" data-layout-mode=\"masonry\"><article class=\"eael-grid-post  eael-post-grid-column eael-pg-post-14095 category-locales-ultimas-noticias\" data-id=\"14095\">\n    <div class=\"eael-grid-post-holder\">\n        <div class=\"eael-grid-post-holder-inner\"><div class=\"eael-entry-media\"><div class=\"eael-entry-overlay none\"><i class=\"fas fa-long-arrow-alt-right\" aria-hidden=\"true\"><\/i><a href=\"https:\/\/lavozdetodos.com.ar\/?p=14095\"><\/a><\/div><div class=\"eael-entry-thumbnail eael-image-ratio\">\n                            <img loading=\"lazy\" decoding=\"async\" width=\"768\" height=\"626\" src=\"https:\/\/lavozdetodos.com.ar\/wp-content\/uploads\/2026\/09\/790756068_1630373472136614_1925572481128211408_n-e1788378022857-768x626.jpeg\" class=\"attachment-medium_large size-medium_large wp-image-14096\" alt=\"\" srcset=\"https:\/\/lavozdetodos.com.ar\/wp-content\/uploads\/2026\/09\/790756068_1630373472136614_1925572481128211408_n-e1788378022857-768x626.jpeg 768w, https:\/\/lavozdetodos.com.ar\/wp-content\/uploads\/2026\/09\/790756068_1630373472136614_1925572481128211408_n-e1788378022857-300x245.jpeg 300w, https:\/\/lavozdetodos.com.ar\/wp-content\/uploads\/2026\/09\/790756068_1630373472136614_1925572481128211408_n-e1788378022857-800x653.jpeg 800w, https:\/\/lavozdetodos.com.ar\/wp-content\/uploads\/2026\/09\/790756068_1630373472136614_1925572481128211408_n-e1788378022857.jpeg 960w\" sizes=\"(max-width: 768px) 100vw, 768px\" \/>\n                            <\/div>\n                    <\/div><div class=\"eael-entry-wrapper\"><header class=\"eael-entry-header\"><h2 class=\"eael-entry-title\"><a class=\"eael-grid-post-link\" href=\"https:\/\/lavozdetodos.com.ar\/?p=14095\" title=\"Arroyo Bar\u00fa recibi\u00f3 a estudiantes en una jornada de intercambio\">Arroyo Bar\u00fa recibi\u00f3 a estudiantes en una jornada de intercambio<\/a><\/h2><\/header><div class=\"eael-entry-content\">\n                                <div class=\"eael-grid-post-excerpt\"><p>Arroyo Bar\u00fa recibi\u00f3 a estudiantes de 4.\u00ba a\u00f1o de Econom\u00eda A y B del Instituto Comercial San Jos\u00e9, quienes visitaron...<\/p><\/div>\n                            <\/div><div class=\"eael-entry-header-after style-two\"><div class=\"eael-entry-meta\"><span class=\"eael-posted-by style-two-footer\"><a href=\"https:\/\/lavozdetodos.com.ar\/?author=5\" title=\"Entradas de La Voz De Todos\" rel=\"author\">La Voz De Todos<\/a><\/span><span class=\"eael-meta-posted-on\"><i class=\"far fa-clock\"><\/i><time datetime=\"2 septiembre, 2026\">2 septiembre, 2026<\/time><\/span><\/div><\/div><\/div><\/div>\n    <\/div>\n<\/article><\/div>\n            <div class=\"clearfix\"><\/div>\n        <\/div>            <div class=\"eael-load-more-button-wrap eael-force-hide\">\n                <button class=\"eael-load-more-button\" id=\"eael-load-more-btn-12acaf1\" data-widget-id=\"12acaf1\" data-widget=\"12acaf1\" data-page-id=\"12466\" data-template=\"{&quot;dir&quot;:&quot;lite&quot;,&quot;file_name&quot;:&quot;two.php&quot;,&quot;name&quot;:&quot;Post-Grid&quot;}\" data-class=\"Essential_Addons_Elementor\\Elements\\Post_Grid\" data-layout=\"masonry\" data-page=\"1\" data-args=\"orderby=date&amp;order=desc&amp;ignore_sticky_posts=1&amp;post_status=publish&amp;posts_per_page=1&amp;offset=0&amp;post_type=post&amp;tax_query%5B0%5D%5Btaxonomy%5D=category&amp;tax_query%5B0%5D%5Bfield%5D=term_id&amp;tax_query%5B0%5D%5Bterms%5D%5B0%5D=1&amp;tax_query%5Brelation%5D=AND\" data-max-page=\"3106\">\n                    <span class=\"eael-btn-loader button__loader\"><\/span>\n                    <span class=\"eael_load_more_text\">Cargar m\u00e1s<\/span>\n                <\/button>\n            <\/div>\n            \t\t\t\t<\/div>\n\t\t\t\t<\/div>\n\t\t\t\t<\/div>\n\t\t<div class=\"elementor-element elementor-element-7bdfd59 e-con-full e-flex e-con e-child\" data-id=\"7bdfd59\" data-element_type=\"container\" data-e-type=\"container\">\n\t\t<div class=\"elementor-element elementor-element-cd2697b e-con-full e-flex e-con e-child\" data-id=\"cd2697b\" data-element_type=\"container\" data-e-type=\"container\">\n\t\t<div class=\"elementor-element elementor-element-e94d528 e-con-full e-flex e-con e-child\" data-id=\"e94d528\" data-element_type=\"container\" data-e-type=\"container\">\n\t\t\t\t<div class=\"elementor-element elementor-element-7c91531 elementor-widget__width-initial elementor-widget elementor-widget-ha-slider happy-addon ha-slider\" data-id=\"7c91531\" data-element_type=\"widget\" data-e-type=\"widget\" data-settings=\"{&quot;navigation&quot;:&quot;none&quot;,&quot;animation_speed&quot;:300,&quot;autoplay&quot;:&quot;yes&quot;,&quot;autoplay_speed&quot;:3000,&quot;loop&quot;:&quot;yes&quot;,&quot;slides_transition&quot;:&quot;slide&quot;}\" data-widget_type=\"ha-slider.default\">\n\t\t\t\t<div class=\"elementor-widget-container\">\n\t\t\t\t\t\n\t\t<div class=\"hajs-slick ha-slick ha-slick--slider\">\n\n\t\t\t\n\t\t\t\t<div class=\"ha-slick-slide slick-slide\">\n\t\t\t\t\t<div class=\"ha-slick-item\">\n\t\t\t\t\t\t\t\t\t\t\t\t\t<img decoding=\"async\" class=\"ha-slick-img\" src=\"https:\/\/lavozdetodos.com.ar\/wp-content\/uploads\/2026\/04\/laclarita.webp\" alt=\"\">\n\t\t\t\t\t\t\n\t\t\t\t\t\t\t\t\t\t\t<\/div>\n\t\t\t\t<\/div>\n\n\t\t\t\n\t\t\t\t<div class=\"ha-slick-slide slick-slide\">\n\t\t\t\t\t<div class=\"ha-slick-item\">\n\t\t\t\t\t\t\t\t\t\t\t\t\t<img decoding=\"async\" class=\"ha-slick-img\" src=\"https:\/\/lavozdetodos.com.ar\/wp-content\/uploads\/2026\/04\/comuna-baru.webp\" alt=\"\">\n\t\t\t\t\t\t\n\t\t\t\t\t\t\t\t\t\t\t<\/div>\n\t\t\t\t<\/div>\n\n\t\t\t\n\t\t<\/div>\n\n\t\t\n\t\t\n\t\t\t\t\t\t<\/div>\n\t\t\t\t<\/div>\n\t\t\t\t<\/div>\n\t\t<div class=\"elementor-element elementor-element-e87edd8 e-con-full e-flex e-con e-child\" data-id=\"e87edd8\" data-element_type=\"container\" data-e-type=\"container\">\n\t\t\t\t<div class=\"elementor-element elementor-element-6ba45e5 elementor-widget__width-initial elementor-widget elementor-widget-ha-slider happy-addon ha-slider\" data-id=\"6ba45e5\" data-element_type=\"widget\" data-e-type=\"widget\" data-settings=\"{&quot;navigation&quot;:&quot;none&quot;,&quot;animation_speed&quot;:300,&quot;autoplay&quot;:&quot;yes&quot;,&quot;autoplay_speed&quot;:3000,&quot;loop&quot;:&quot;yes&quot;,&quot;slides_transition&quot;:&quot;slide&quot;}\" data-widget_type=\"ha-slider.default\">\n\t\t\t\t<div class=\"elementor-widget-container\">\n\t\t\t\t\t\n\t\t<div class=\"hajs-slick ha-slick ha-slick--slider\">\n\n\t\t\t\n\t\t\t\t<div class=\"ha-slick-slide slick-slide\">\n\t\t\t\t\t<a class=\"ha-slick-item\" href=\"https:\/\/www.facebook.com\/profile.php?id=100068880233689\">\n\t\t\t\t\t\t\t\t\t\t\t\t\t<img decoding=\"async\" class=\"ha-slick-img\" src=\"https:\/\/lavozdetodos.com.ar\/wp-content\/uploads\/2026\/04\/Muni-de-P.webp\" alt=\"\">\n\t\t\t\t\t\t\n\t\t\t\t\t\t\t\t\t\t\t<\/a>\n\t\t\t\t<\/div>\n\n\t\t\t\n\t\t\t\t<div class=\"ha-slick-slide slick-slide\">\n\t\t\t\t\t<a class=\"ha-slick-item\" href=\"https:\/\/www.facebook.com\/profile.php?id=100068880233689\">\n\t\t\t\t\t\t\t\t\t\t\t\t\t<img decoding=\"async\" class=\"ha-slick-img\" src=\"https:\/\/lavozdetodos.com.ar\/wp-content\/uploads\/2026\/04\/san-jose-600x500-1.webp\" alt=\"\">\n\t\t\t\t\t\t\n\t\t\t\t\t\t\t\t\t\t\t<\/a>\n\t\t\t\t<\/div>\n\n\t\t\t\n\t\t<\/div>\n\n\t\t\n\t\t\n\t\t\t\t\t\t<\/div>\n\t\t\t\t<\/div>\n\t\t\t\t<\/div>\n\t\t\t\t<\/div>\n\t\t<div class=\"elementor-element elementor-element-5c687e1 e-con-full e-flex e-con e-child\" data-id=\"5c687e1\" data-element_type=\"container\" data-e-type=\"container\">\n\t\t<div class=\"elementor-element elementor-element-f2dfa70 e-con-full e-flex e-con e-child\" data-id=\"f2dfa70\" data-element_type=\"container\" data-e-type=\"container\">\n\t\t\t\t<div class=\"elementor-element elementor-element-684d536 elementor-grid-eael-col-1 elementor-grid-tablet-eael-col-1 elementor-grid-mobile-eael-col-1 elementor-widget elementor-widget-eael-post-grid\" data-id=\"684d536\" data-element_type=\"widget\" data-e-type=\"widget\" data-settings=\"{&quot;eael_post_grid_columns&quot;:&quot;eael-col-1&quot;,&quot;eael_post_grid_columns_tablet&quot;:&quot;eael-col-1&quot;,&quot;eael_post_grid_columns_mobile&quot;:&quot;eael-col-1&quot;}\" data-widget_type=\"eael-post-grid.default\">\n\t\t\t\t<div class=\"elementor-widget-container\">\n\t\t\t\t\t<div id=\"eael-post-grid-684d536\" class=\"eael-post-grid-container\">\n            <div class=\"eael-post-grid eael-post-appender eael-post-appender-684d536 eael-post-grid-style-two\" data-layout-mode=\"masonry\"><article class=\"eael-grid-post  eael-post-grid-column eael-pg-post-14092 category-provinciales-ultimas-noticias\" data-id=\"14092\">\n    <div class=\"eael-grid-post-holder\">\n        <div class=\"eael-grid-post-holder-inner\"><div class=\"eael-entry-media\"><div class=\"eael-entry-overlay none\"><i class=\"fas fa-long-arrow-alt-right\" aria-hidden=\"true\"><\/i><a href=\"https:\/\/lavozdetodos.com.ar\/?p=14092\"><\/a><\/div><div class=\"eael-entry-thumbnail eael-image-ratio\">\n                            <img loading=\"lazy\" decoding=\"async\" width=\"768\" height=\"432\" src=\"https:\/\/lavozdetodos.com.ar\/wp-content\/uploads\/2026\/09\/780032448_1512581694243702_8485720740506193353_n-768x432.jpg\" class=\"attachment-medium_large size-medium_large wp-image-14093\" alt=\"\" srcset=\"https:\/\/lavozdetodos.com.ar\/wp-content\/uploads\/2026\/09\/780032448_1512581694243702_8485720740506193353_n-768x432.jpg 768w, https:\/\/lavozdetodos.com.ar\/wp-content\/uploads\/2026\/09\/780032448_1512581694243702_8485720740506193353_n-300x169.jpg 300w, https:\/\/lavozdetodos.com.ar\/wp-content\/uploads\/2026\/09\/780032448_1512581694243702_8485720740506193353_n-800x450.jpg 800w, https:\/\/lavozdetodos.com.ar\/wp-content\/uploads\/2026\/09\/780032448_1512581694243702_8485720740506193353_n-1536x865.jpg 1536w, https:\/\/lavozdetodos.com.ar\/wp-content\/uploads\/2026\/09\/780032448_1512581694243702_8485720740506193353_n.jpg 2048w\" sizes=\"(max-width: 768px) 100vw, 768px\" \/>\n                            <\/div>\n                    <\/div><div class=\"eael-entry-wrapper\"><header class=\"eael-entry-header\"><h2 class=\"eael-entry-title\"><a class=\"eael-grid-post-link\" href=\"https:\/\/lavozdetodos.com.ar\/?p=14092\" title=\"Pronunciamiento: Sandoval recibi\u00f3 a directivos de escuela\">Pronunciamiento: Sandoval recibi\u00f3 a directivos de escuela<\/a><\/h2><\/header><\/div><\/div>\n    <\/div>\n<\/article><\/div>\n            <div class=\"clearfix\"><\/div>\n        <\/div>            <div class=\"eael-load-more-button-wrap eael-force-hide\">\n                <button class=\"eael-load-more-button\" id=\"eael-load-more-btn-684d536\" data-widget-id=\"684d536\" data-widget=\"684d536\" data-page-id=\"12466\" data-template=\"{&quot;dir&quot;:&quot;lite&quot;,&quot;file_name&quot;:&quot;two.php&quot;,&quot;name&quot;:&quot;Post-Grid&quot;}\" data-class=\"Essential_Addons_Elementor\\Elements\\Post_Grid\" data-layout=\"masonry\" data-page=\"1\" data-args=\"orderby=date&amp;order=desc&amp;ignore_sticky_posts=1&amp;post_status=publish&amp;posts_per_page=1&amp;offset=1&amp;post_type=post&amp;tax_query%5B0%5D%5Btaxonomy%5D=category&amp;tax_query%5B0%5D%5Bfield%5D=term_id&amp;tax_query%5B0%5D%5Bterms%5D%5B0%5D=1&amp;tax_query%5Brelation%5D=AND\" data-max-page=\"3105\">\n                    <span class=\"eael-btn-loader button__loader\"><\/span>\n                    <span class=\"eael_load_more_text\">Cargar m\u00e1s<\/span>\n                <\/button>\n            <\/div>\n            \t\t\t\t<\/div>\n\t\t\t\t<\/div>\n\t\t\t\t<\/div>\n\t\t<div class=\"elementor-element elementor-element-d6cb6a0 e-con-full e-flex e-con e-child\" data-id=\"d6cb6a0\" data-element_type=\"container\" data-e-type=\"container\">\n\t\t\t\t<div class=\"elementor-element elementor-element-7c09415 elementor-widget elementor-widget-image\" data-id=\"7c09415\" data-element_type=\"widget\" data-e-type=\"widget\" data-widget_type=\"image.default\">\n\t\t\t\t<div class=\"elementor-widget-container\">\n\t\t\t\t\t\t\t\t\t\t\t\t\t\t\t\t<a href=\"https:\/\/www.entrerios.gov.ar\/cultura\/\">\n\t\t\t\t\t\t\t<img loading=\"lazy\" decoding=\"async\" width=\"300\" height=\"250\" src=\"https:\/\/lavozdetodos.com.ar\/wp-content\/uploads\/2026\/09\/feria-del-libro-300x250-2.gif\" class=\"attachment-full size-full wp-image-14078\" alt=\"\" \/>\t\t\t\t\t\t\t\t<\/a>\n\t\t\t\t\t\t\t\t\t\t\t\t\t\t\t<\/div>\n\t\t\t\t<\/div>\n\t\t\t\t<\/div>\n\t\t\t\t<\/div>\n\t\t\t\t<\/div>\n\t\t\t\t\t<\/div>\n\t\t\t\t<\/div>\n\t\t<div class=\"elementor-element elementor-element-e6f2aed elementor-hidden-desktop elementor-hidden-laptop elementor-hidden-mobile e-flex e-con-boxed e-con e-parent\" data-id=\"e6f2aed\" data-element_type=\"container\" data-e-type=\"container\">\n\t\t\t\t\t<div class=\"e-con-inner\">\n\t\t<div class=\"elementor-element elementor-element-984e5a2 e-con-full e-flex e-con e-child\" data-id=\"984e5a2\" data-element_type=\"container\" data-e-type=\"container\">\n\t\t\t\t<div class=\"elementor-element elementor-element-e436129 elementor-grid-eael-col-1 elementor-grid-tablet-eael-col-1 elementor-widget-tablet__width-initial elementor-grid-mobile-eael-col-1 elementor-widget elementor-widget-eael-post-grid\" data-id=\"e436129\" data-element_type=\"widget\" data-e-type=\"widget\" data-settings=\"{&quot;eael_post_grid_columns&quot;:&quot;eael-col-1&quot;,&quot;eael_post_grid_columns_tablet&quot;:&quot;eael-col-1&quot;,&quot;eael_post_grid_columns_mobile&quot;:&quot;eael-col-1&quot;}\" data-widget_type=\"eael-post-grid.default\">\n\t\t\t\t<div class=\"elementor-widget-container\">\n\t\t\t\t\t<div id=\"eael-post-grid-e436129\" class=\"eael-post-grid-container\">\n            <div class=\"eael-post-grid eael-post-appender eael-post-appender-e436129 eael-post-grid-style-two\" data-layout-mode=\"masonry\"><article class=\"eael-grid-post  eael-post-grid-column eael-pg-post-14095 category-locales-ultimas-noticias\" data-id=\"14095\">\n    <div class=\"eael-grid-post-holder\">\n        <div class=\"eael-grid-post-holder-inner\"><div class=\"eael-entry-media\"><div class=\"eael-entry-overlay none\"><i class=\"fas fa-long-arrow-alt-right\" aria-hidden=\"true\"><\/i><a href=\"https:\/\/lavozdetodos.com.ar\/?p=14095\"><\/a><\/div><div class=\"eael-entry-thumbnail eael-image-ratio\">\n                            <img loading=\"lazy\" decoding=\"async\" width=\"768\" height=\"626\" src=\"https:\/\/lavozdetodos.com.ar\/wp-content\/uploads\/2026\/09\/790756068_1630373472136614_1925572481128211408_n-e1788378022857-768x626.jpeg\" class=\"attachment-medium_large size-medium_large wp-image-14096\" alt=\"\" srcset=\"https:\/\/lavozdetodos.com.ar\/wp-content\/uploads\/2026\/09\/790756068_1630373472136614_1925572481128211408_n-e1788378022857-768x626.jpeg 768w, https:\/\/lavozdetodos.com.ar\/wp-content\/uploads\/2026\/09\/790756068_1630373472136614_1925572481128211408_n-e1788378022857-300x245.jpeg 300w, https:\/\/lavozdetodos.com.ar\/wp-content\/uploads\/2026\/09\/790756068_1630373472136614_1925572481128211408_n-e1788378022857-800x653.jpeg 800w, https:\/\/lavozdetodos.com.ar\/wp-content\/uploads\/2026\/09\/790756068_1630373472136614_1925572481128211408_n-e1788378022857.jpeg 960w\" sizes=\"(max-width: 768px) 100vw, 768px\" \/>\n                            <\/div>\n                    <\/div><div class=\"eael-entry-wrapper\"><header class=\"eael-entry-header\"><h2 class=\"eael-entry-title\"><a class=\"eael-grid-post-link\" href=\"https:\/\/lavozdetodos.com.ar\/?p=14095\" title=\"Arroyo Bar\u00fa recibi\u00f3 a estudiantes en una jornada de intercambio\">Arroyo Bar\u00fa recibi\u00f3 a estudiantes en una jornada de intercambio<\/a><\/h2><\/header><div class=\"eael-entry-content\">\n                                <div class=\"eael-grid-post-excerpt\"><p>Arroyo Bar\u00fa recibi\u00f3 a estudiantes de 4.\u00ba a\u00f1o de Econom\u00eda A y B del Instituto Comercial San Jos\u00e9, quienes visitaron...<\/p><\/div>\n                            <\/div><div class=\"eael-entry-header-after style-two\"><div class=\"eael-entry-meta\"><span class=\"eael-posted-by style-two-footer\"><a href=\"https:\/\/lavozdetodos.com.ar\/?author=5\" title=\"Entradas de La Voz De Todos\" rel=\"author\">La Voz De Todos<\/a><\/span><span class=\"eael-meta-posted-on\"><i class=\"far fa-clock\"><\/i><time datetime=\"2 septiembre, 2026\">2 septiembre, 2026<\/time><\/span><\/div><\/div><\/div><\/div>\n    <\/div>\n<\/article><\/div>\n            <div class=\"clearfix\"><\/div>\n        <\/div>            <div class=\"eael-load-more-button-wrap eael-force-hide\">\n                <button class=\"eael-load-more-button\" id=\"eael-load-more-btn-e436129\" data-widget-id=\"e436129\" data-widget=\"e436129\" data-page-id=\"12466\" data-template=\"{&quot;dir&quot;:&quot;lite&quot;,&quot;file_name&quot;:&quot;two.php&quot;,&quot;name&quot;:&quot;Post-Grid&quot;}\" data-class=\"Essential_Addons_Elementor\\Elements\\Post_Grid\" data-layout=\"masonry\" data-page=\"1\" data-args=\"orderby=date&amp;order=desc&amp;ignore_sticky_posts=1&amp;post_status=publish&amp;posts_per_page=1&amp;offset=0&amp;post_type=post&amp;tax_query%5B0%5D%5Btaxonomy%5D=category&amp;tax_query%5B0%5D%5Bfield%5D=term_id&amp;tax_query%5B0%5D%5Bterms%5D%5B0%5D=1&amp;tax_query%5Brelation%5D=AND\" data-max-page=\"3106\">\n                    <span class=\"eael-btn-loader button__loader\"><\/span>\n                    <span class=\"eael_load_more_text\">Cargar m\u00e1s<\/span>\n                <\/button>\n            <\/div>\n            \t\t\t\t<\/div>\n\t\t\t\t<\/div>\n\t\t<div class=\"elementor-element elementor-element-c1c187c e-con-full e-flex e-con e-child\" data-id=\"c1c187c\" data-element_type=\"container\" data-e-type=\"container\">\n\t\t<div class=\"elementor-element elementor-element-f035d91 e-con-full e-flex e-con e-child\" data-id=\"f035d91\" data-element_type=\"container\" data-e-type=\"container\">\n\t\t\t\t<div class=\"elementor-element elementor-element-0fe8172 elementor-widget__width-initial elementor-widget elementor-widget-ha-slider happy-addon ha-slider\" data-id=\"0fe8172\" data-element_type=\"widget\" data-e-type=\"widget\" data-settings=\"{&quot;navigation&quot;:&quot;none&quot;,&quot;animation_speed&quot;:300,&quot;autoplay&quot;:&quot;yes&quot;,&quot;autoplay_speed&quot;:3000,&quot;loop&quot;:&quot;yes&quot;,&quot;slides_transition&quot;:&quot;slide&quot;}\" data-widget_type=\"ha-slider.default\">\n\t\t\t\t<div class=\"elementor-widget-container\">\n\t\t\t\t\t\n\t\t<div class=\"hajs-slick ha-slick ha-slick--slider\">\n\n\t\t\t\n\t\t\t\t<div class=\"ha-slick-slide slick-slide\">\n\t\t\t\t\t<div class=\"ha-slick-item\">\n\t\t\t\t\t\t\t\t\t\t\t\t\t<img decoding=\"async\" class=\"ha-slick-img\" src=\"https:\/\/lavozdetodos.com.ar\/wp-content\/uploads\/2026\/04\/Muni-de-P.webp\" alt=\"\">\n\t\t\t\t\t\t\n\t\t\t\t\t\t\t\t\t\t\t<\/div>\n\t\t\t\t<\/div>\n\n\t\t\t\n\t\t\t\t<div class=\"ha-slick-slide slick-slide\">\n\t\t\t\t\t<div class=\"ha-slick-item\">\n\t\t\t\t\t\t\t\t\t\t\t\t\t<img decoding=\"async\" class=\"ha-slick-img\" src=\"https:\/\/lavozdetodos.com.ar\/wp-content\/uploads\/2026\/04\/comuna-baru.webp\" alt=\"\">\n\t\t\t\t\t\t\n\t\t\t\t\t\t\t\t\t\t\t<\/div>\n\t\t\t\t<\/div>\n\n\t\t\t\n\t\t<\/div>\n\n\t\t\n\t\t\n\t\t\t\t\t\t<\/div>\n\t\t\t\t<\/div>\n\t\t\t\t<\/div>\n\t\t<div class=\"elementor-element elementor-element-1581cfe e-con-full e-flex e-con e-child\" data-id=\"1581cfe\" data-element_type=\"container\" data-e-type=\"container\">\n\t\t\t\t<div class=\"elementor-element elementor-element-27873f1 elementor-widget__width-initial elementor-widget elementor-widget-ha-slider happy-addon ha-slider\" data-id=\"27873f1\" data-element_type=\"widget\" data-e-type=\"widget\" data-settings=\"{&quot;navigation&quot;:&quot;none&quot;,&quot;animation_speed&quot;:300,&quot;autoplay&quot;:&quot;yes&quot;,&quot;autoplay_speed&quot;:3000,&quot;loop&quot;:&quot;yes&quot;,&quot;slides_transition&quot;:&quot;slide&quot;}\" data-widget_type=\"ha-slider.default\">\n\t\t\t\t<div class=\"elementor-widget-container\">\n\t\t\t\t\t\n\t\t<div class=\"hajs-slick ha-slick ha-slick--slider\">\n\n\t\t\t\n\t\t\t\t<div class=\"ha-slick-slide slick-slide\">\n\t\t\t\t\t<a class=\"ha-slick-item\" href=\"https:\/\/www.facebook.com\/profile.php?id=100068880233689\">\n\t\t\t\t\t\t\t\t\t\t\t\t\t<img decoding=\"async\" class=\"ha-slick-img\" src=\"https:\/\/lavozdetodos.com.ar\/wp-content\/uploads\/2026\/04\/laclarita.webp\" alt=\"\">\n\t\t\t\t\t\t\n\t\t\t\t\t\t\t\t\t\t\t<\/a>\n\t\t\t\t<\/div>\n\n\t\t\t\n\t\t\t\t<div class=\"ha-slick-slide slick-slide\">\n\t\t\t\t\t<a class=\"ha-slick-item\" href=\"https:\/\/www.facebook.com\/profile.php?id=100068880233689\">\n\t\t\t\t\t\t\t\t\t\t\t\t\t<img decoding=\"async\" class=\"ha-slick-img\" src=\"https:\/\/lavozdetodos.com.ar\/wp-content\/uploads\/2026\/04\/laclarita.webp\" alt=\"\">\n\t\t\t\t\t\t\n\t\t\t\t\t\t\t\t\t\t\t<\/a>\n\t\t\t\t<\/div>\n\n\t\t\t\n\t\t<\/div>\n\n\t\t\n\t\t\n\t\t\t\t\t\t<\/div>\n\t\t\t\t<\/div>\n\t\t\t\t<\/div>\n\t\t\t\t<\/div>\n\t\t<div class=\"elementor-element elementor-element-2d59933 e-con-full e-flex e-con e-child\" data-id=\"2d59933\" data-element_type=\"container\" data-e-type=\"container\">\n\t\t<div class=\"elementor-element elementor-element-eb50ed9 e-con-full e-flex e-con e-child\" data-id=\"eb50ed9\" data-element_type=\"container\" data-e-type=\"container\">\n\t\t\t\t<div class=\"elementor-element elementor-element-4bf587b elementor-grid-eael-col-1 elementor-grid-tablet-eael-col-1 elementor-grid-mobile-eael-col-1 elementor-widget elementor-widget-eael-post-grid\" data-id=\"4bf587b\" data-element_type=\"widget\" data-e-type=\"widget\" data-settings=\"{&quot;eael_post_grid_columns&quot;:&quot;eael-col-1&quot;,&quot;eael_post_grid_columns_tablet&quot;:&quot;eael-col-1&quot;,&quot;eael_post_grid_columns_mobile&quot;:&quot;eael-col-1&quot;}\" data-widget_type=\"eael-post-grid.default\">\n\t\t\t\t<div class=\"elementor-widget-container\">\n\t\t\t\t\t<div id=\"eael-post-grid-4bf587b\" class=\"eael-post-grid-container\">\n            <div class=\"eael-post-grid eael-post-appender eael-post-appender-4bf587b eael-post-grid-style-two\" data-layout-mode=\"masonry\"><article class=\"eael-grid-post  eael-post-grid-column eael-pg-post-14092 category-provinciales-ultimas-noticias\" data-id=\"14092\">\n    <div class=\"eael-grid-post-holder\">\n        <div class=\"eael-grid-post-holder-inner\"><div class=\"eael-entry-media\"><div class=\"eael-entry-overlay none\"><i class=\"fas fa-long-arrow-alt-right\" aria-hidden=\"true\"><\/i><a href=\"https:\/\/lavozdetodos.com.ar\/?p=14092\"><\/a><\/div><div class=\"eael-entry-thumbnail eael-image-ratio\">\n                            <img loading=\"lazy\" decoding=\"async\" width=\"768\" height=\"432\" src=\"https:\/\/lavozdetodos.com.ar\/wp-content\/uploads\/2026\/09\/780032448_1512581694243702_8485720740506193353_n-768x432.jpg\" class=\"attachment-medium_large size-medium_large wp-image-14093\" alt=\"\" srcset=\"https:\/\/lavozdetodos.com.ar\/wp-content\/uploads\/2026\/09\/780032448_1512581694243702_8485720740506193353_n-768x432.jpg 768w, https:\/\/lavozdetodos.com.ar\/wp-content\/uploads\/2026\/09\/780032448_1512581694243702_8485720740506193353_n-300x169.jpg 300w, https:\/\/lavozdetodos.com.ar\/wp-content\/uploads\/2026\/09\/780032448_1512581694243702_8485720740506193353_n-800x450.jpg 800w, https:\/\/lavozdetodos.com.ar\/wp-content\/uploads\/2026\/09\/780032448_1512581694243702_8485720740506193353_n-1536x865.jpg 1536w, https:\/\/lavozdetodos.com.ar\/wp-content\/uploads\/2026\/09\/780032448_1512581694243702_8485720740506193353_n.jpg 2048w\" sizes=\"(max-width: 768px) 100vw, 768px\" \/>\n                            <\/div>\n                    <\/div><div class=\"eael-entry-wrapper\"><header class=\"eael-entry-header\"><h2 class=\"eael-entry-title\"><a class=\"eael-grid-post-link\" href=\"https:\/\/lavozdetodos.com.ar\/?p=14092\" title=\"Pronunciamiento: Sandoval recibi\u00f3 a directivos de escuela\">Pronunciamiento: Sandoval recibi\u00f3 a directivos de escuela<\/a><\/h2><\/header><\/div><\/div>\n    <\/div>\n<\/article><\/div>\n            <div class=\"clearfix\"><\/div>\n        <\/div>            <div class=\"eael-load-more-button-wrap eael-force-hide\">\n                <button class=\"eael-load-more-button\" id=\"eael-load-more-btn-4bf587b\" data-widget-id=\"4bf587b\" data-widget=\"4bf587b\" data-page-id=\"12466\" data-template=\"{&quot;dir&quot;:&quot;lite&quot;,&quot;file_name&quot;:&quot;two.php&quot;,&quot;name&quot;:&quot;Post-Grid&quot;}\" data-class=\"Essential_Addons_Elementor\\Elements\\Post_Grid\" data-layout=\"masonry\" data-page=\"1\" data-args=\"orderby=date&amp;order=desc&amp;ignore_sticky_posts=1&amp;post_status=publish&amp;posts_per_page=1&amp;offset=1&amp;post_type=post&amp;tax_query%5B0%5D%5Btaxonomy%5D=category&amp;tax_query%5B0%5D%5Bfield%5D=term_id&amp;tax_query%5B0%5D%5Bterms%5D%5B0%5D=1&amp;tax_query%5Brelation%5D=AND\" data-max-page=\"3105\">\n                    <span class=\"eael-btn-loader button__loader\"><\/span>\n                    <span class=\"eael_load_more_text\">Cargar m\u00e1s<\/span>\n                <\/button>\n            <\/div>\n            \t\t\t\t<\/div>\n\t\t\t\t<\/div>\n\t\t\t\t<\/div>\n\t\t<div class=\"elementor-element elementor-element-517695f e-con-full e-flex e-con e-child\" data-id=\"517695f\" data-element_type=\"container\" data-e-type=\"container\">\n\t\t\t\t<div class=\"elementor-element elementor-element-cc145ea elementor-widget elementor-widget-image\" data-id=\"cc145ea\" data-element_type=\"widget\" data-e-type=\"widget\" data-widget_type=\"image.default\">\n\t\t\t\t<div class=\"elementor-widget-container\">\n\t\t\t\t\t\t\t\t\t\t\t\t\t\t\t\t<a href=\"https:\/\/www.entrerios.tur.ar\/\">\n\t\t\t\t\t\t\t<img loading=\"lazy\" decoding=\"async\" width=\"400\" height=\"333\" src=\"https:\/\/lavozdetodos.com.ar\/wp-content\/uploads\/2026\/04\/nuevogif.gif\" class=\"attachment-full size-full wp-image-12562\" alt=\"\" \/>\t\t\t\t\t\t\t\t<\/a>\n\t\t\t\t\t\t\t\t\t\t\t\t\t\t\t<\/div>\n\t\t\t\t<\/div>\n\t\t\t\t<\/div>\n\t\t\t\t<\/div>\n\t\t\t\t<\/div>\n\t\t\t\t\t<\/div>\n\t\t\t\t<\/div>\n\t\t<div class=\"elementor-element elementor-element-6dc7e0a e-flex e-con-boxed e-con e-parent\" data-id=\"6dc7e0a\" data-element_type=\"container\" data-e-type=\"container\">\n\t\t\t\t\t<div class=\"e-con-inner\">\n\t\t\t\t<div class=\"elementor-element elementor-element-9d08ca0 elementor-widget elementor-widget-heading\" data-id=\"9d08ca0\" data-element_type=\"widget\" data-e-type=\"widget\" data-widget_type=\"heading.default\">\n\t\t\t\t<div class=\"elementor-widget-container\">\n\t\t\t\t\t<h2 class=\"elementor-heading-title elementor-size-default\">\u00daltimas noticias<\/h2>\t\t\t\t<\/div>\n\t\t\t\t<\/div>\n\t\t\t\t\t<\/div>\n\t\t\t\t<\/div>\n\t\t<div class=\"elementor-element elementor-element-2468d95 e-flex e-con-boxed e-con e-parent\" data-id=\"2468d95\" data-element_type=\"container\" data-e-type=\"container\">\n\t\t\t\t\t<div class=\"e-con-inner\">\n\t\t<div class=\"elementor-element elementor-element-2b09dd6 e-con-full e-flex e-con e-child\" data-id=\"2b09dd6\" data-element_type=\"container\" data-e-type=\"container\">\n\t\t\t\t<div class=\"elementor-element elementor-element-95baa88 elementor-grid-eael-col-3 elementor-grid-tablet-eael-col-2 elementor-grid-mobile-eael-col-1 elementor-widget elementor-widget-eael-post-grid\" data-id=\"95baa88\" data-element_type=\"widget\" data-e-type=\"widget\" data-settings=\"{&quot;eael_post_grid_columns&quot;:&quot;eael-col-3&quot;,&quot;eael_post_grid_columns_tablet&quot;:&quot;eael-col-2&quot;,&quot;eael_post_grid_columns_mobile&quot;:&quot;eael-col-1&quot;}\" data-widget_type=\"eael-post-grid.default\">\n\t\t\t\t<div class=\"elementor-widget-container\">\n\t\t\t\t\t<div id=\"eael-post-grid-95baa88\" class=\"eael-post-grid-container\">\n            <div class=\"eael-post-grid eael-post-appender eael-post-appender-95baa88 eael-post-grid-style-two\" data-layout-mode=\"grid\"><article class=\"eael-grid-post  eael-post-grid-column eael-pg-post-14089 category-locales-ultimas-noticias\" data-id=\"14089\">\n    <div class=\"eael-grid-post-holder\">\n        <div class=\"eael-grid-post-holder-inner\"><div class=\"eael-entry-media\"><div class=\"eael-entry-overlay none\"><i class=\"fas fa-long-arrow-alt-right\" aria-hidden=\"true\"><\/i><a href=\"https:\/\/lavozdetodos.com.ar\/?p=14089\"><\/a><\/div><div class=\"eael-entry-thumbnail eael-image-ratio\">\n                            <img loading=\"lazy\" decoding=\"async\" width=\"768\" height=\"971\" src=\"https:\/\/lavozdetodos.com.ar\/wp-content\/uploads\/2026\/09\/792743377_917913764268446_8697123518473752256_n-768x971.jpeg\" class=\"attachment-medium_large size-medium_large wp-image-14090\" alt=\"\" srcset=\"https:\/\/lavozdetodos.com.ar\/wp-content\/uploads\/2026\/09\/792743377_917913764268446_8697123518473752256_n-768x971.jpeg 768w, https:\/\/lavozdetodos.com.ar\/wp-content\/uploads\/2026\/09\/792743377_917913764268446_8697123518473752256_n-237x300.jpeg 237w, https:\/\/lavozdetodos.com.ar\/wp-content\/uploads\/2026\/09\/792743377_917913764268446_8697123518473752256_n-633x800.jpeg 633w, https:\/\/lavozdetodos.com.ar\/wp-content\/uploads\/2026\/09\/792743377_917913764268446_8697123518473752256_n.jpeg 1080w\" sizes=\"(max-width: 768px) 100vw, 768px\" \/>\n                            <\/div>\n                    <\/div><div class=\"eael-entry-wrapper\"><header class=\"eael-entry-header\"><h2 class=\"eael-entry-title\"><a class=\"eael-grid-post-link\" href=\"https:\/\/lavozdetodos.com.ar\/?p=14089\" title=\"San Jos\u00e9 celebra la 13.\u00aa edici\u00f3n de conciertos corales\">San Jos\u00e9 celebra la 13.\u00aa edici\u00f3n de conciertos corales<\/a><\/h2><\/header><div class=\"eael-entry-content\">\n                                <div class=\"eael-grid-post-excerpt\"><p>San Jos\u00e9 se prepara para vivir una nueva edici\u00f3n del Ciclo de Conciertos Corales, una propuesta cultural que reunir\u00e1 distintas...<\/p><\/div>\n                            <\/div><div class=\"eael-entry-header-after style-two\"><div class=\"eael-entry-meta\"><span class=\"eael-posted-by style-two-footer\"><a href=\"https:\/\/lavozdetodos.com.ar\/?author=5\" title=\"Entradas de La Voz De Todos\" rel=\"author\">La Voz De Todos<\/a><\/span><span class=\"eael-meta-posted-on\"><i class=\"far fa-clock\"><\/i><time datetime=\"2 septiembre, 2026\">2 septiembre, 2026<\/time><\/span><\/div><\/div><\/div><\/div>\n    <\/div>\n<\/article><article class=\"eael-grid-post  eael-post-grid-column eael-pg-post-14086 category-locales-ultimas-noticias\" data-id=\"14086\">\n    <div class=\"eael-grid-post-holder\">\n        <div class=\"eael-grid-post-holder-inner\"><div class=\"eael-entry-media\"><div class=\"eael-entry-overlay none\"><i class=\"fas fa-long-arrow-alt-right\" aria-hidden=\"true\"><\/i><a href=\"https:\/\/lavozdetodos.com.ar\/?p=14086\"><\/a><\/div><div class=\"eael-entry-thumbnail eael-image-ratio\">\n                            <img loading=\"lazy\" decoding=\"async\" width=\"768\" height=\"960\" src=\"https:\/\/lavozdetodos.com.ar\/wp-content\/uploads\/2026\/09\/791419062_1111133581265520_697493826843369183_n-768x960.jpeg\" class=\"attachment-medium_large size-medium_large wp-image-14087\" alt=\"\" srcset=\"https:\/\/lavozdetodos.com.ar\/wp-content\/uploads\/2026\/09\/791419062_1111133581265520_697493826843369183_n-768x960.jpeg 768w, https:\/\/lavozdetodos.com.ar\/wp-content\/uploads\/2026\/09\/791419062_1111133581265520_697493826843369183_n-240x300.jpeg 240w, https:\/\/lavozdetodos.com.ar\/wp-content\/uploads\/2026\/09\/791419062_1111133581265520_697493826843369183_n-640x800.jpeg 640w, https:\/\/lavozdetodos.com.ar\/wp-content\/uploads\/2026\/09\/791419062_1111133581265520_697493826843369183_n.jpeg 1080w\" sizes=\"(max-width: 768px) 100vw, 768px\" \/>\n                            <\/div>\n                    <\/div><div class=\"eael-entry-wrapper\"><header class=\"eael-entry-header\"><h2 class=\"eael-entry-title\"><a class=\"eael-grid-post-link\" href=\"https:\/\/lavozdetodos.com.ar\/?p=14086\" title=\"San Jos\u00e9 presenta \u201cEl Verano M\u00e1s Largo de Entre R\u00edos\u201d\">San Jos\u00e9 presenta \u201cEl Verano M\u00e1s Largo de Entre R\u00edos\u201d<\/a><\/h2><\/header><div class=\"eael-entry-content\">\n                                <div class=\"eael-grid-post-excerpt\"><p>Este viernes 4 de septiembre, a las 10:00 horas, se realizar\u00e1 una conferencia de prensa en Termas San Jos\u00e9 para...<\/p><\/div>\n                            <\/div><div class=\"eael-entry-header-after style-two\"><div class=\"eael-entry-meta\"><span class=\"eael-posted-by style-two-footer\"><a href=\"https:\/\/lavozdetodos.com.ar\/?author=5\" title=\"Entradas de La Voz De Todos\" rel=\"author\">La Voz De Todos<\/a><\/span><span class=\"eael-meta-posted-on\"><i class=\"far fa-clock\"><\/i><time datetime=\"2 septiembre, 2026\">2 septiembre, 2026<\/time><\/span><\/div><\/div><\/div><\/div>\n    <\/div>\n<\/article><article class=\"eael-grid-post  eael-post-grid-column eael-pg-post-14083 category-locales-ultimas-noticias\" data-id=\"14083\">\n    <div class=\"eael-grid-post-holder\">\n        <div class=\"eael-grid-post-holder-inner\"><div class=\"eael-entry-media\"><div class=\"eael-entry-overlay none\"><i class=\"fas fa-long-arrow-alt-right\" aria-hidden=\"true\"><\/i><a href=\"https:\/\/lavozdetodos.com.ar\/?p=14083\"><\/a><\/div><div class=\"eael-entry-thumbnail eael-image-ratio\">\n                            <img loading=\"lazy\" decoding=\"async\" width=\"768\" height=\"960\" src=\"https:\/\/lavozdetodos.com.ar\/wp-content\/uploads\/2026\/09\/791015082_1731419608121835_2819413323266233994_n-768x960.jpeg\" class=\"attachment-medium_large size-medium_large wp-image-14084\" alt=\"\" srcset=\"https:\/\/lavozdetodos.com.ar\/wp-content\/uploads\/2026\/09\/791015082_1731419608121835_2819413323266233994_n-768x960.jpeg 768w, https:\/\/lavozdetodos.com.ar\/wp-content\/uploads\/2026\/09\/791015082_1731419608121835_2819413323266233994_n-240x300.jpeg 240w, https:\/\/lavozdetodos.com.ar\/wp-content\/uploads\/2026\/09\/791015082_1731419608121835_2819413323266233994_n-640x800.jpeg 640w, https:\/\/lavozdetodos.com.ar\/wp-content\/uploads\/2026\/09\/791015082_1731419608121835_2819413323266233994_n-1229x1536.jpeg 1229w, https:\/\/lavozdetodos.com.ar\/wp-content\/uploads\/2026\/09\/791015082_1731419608121835_2819413323266233994_n.jpeg 1280w\" sizes=\"(max-width: 768px) 100vw, 768px\" \/>\n                            <\/div>\n                    <\/div><div class=\"eael-entry-wrapper\"><header class=\"eael-entry-header\"><h2 class=\"eael-entry-title\"><a class=\"eael-grid-post-link\" href=\"https:\/\/lavozdetodos.com.ar\/?p=14083\" title=\"Villa Elisa: nuevas fechas para tramitar el CMO\">Villa Elisa: nuevas fechas para tramitar el CMO<\/a><\/h2><\/header><div class=\"eael-entry-content\">\n                                <div class=\"eael-grid-post-excerpt\"><p>Durante septiembre se habilitar\u00e1n dos nuevas jornadas para gestionar el Certificado M\u00e9dico Oficial (CMO) en Villa Elisa. La atenci\u00f3n se...<\/p><\/div>\n                            <\/div><div class=\"eael-entry-header-after style-two\"><div class=\"eael-entry-meta\"><span class=\"eael-posted-by style-two-footer\"><a href=\"https:\/\/lavozdetodos.com.ar\/?author=5\" title=\"Entradas de La Voz De Todos\" rel=\"author\">La Voz De Todos<\/a><\/span><span class=\"eael-meta-posted-on\"><i class=\"far fa-clock\"><\/i><time datetime=\"2 septiembre, 2026\">2 septiembre, 2026<\/time><\/span><\/div><\/div><\/div><\/div>\n    <\/div>\n<\/article><article class=\"eael-grid-post  eael-post-grid-column eael-pg-post-14101 category-locales-ultimas-noticias\" data-id=\"14101\">\n    <div class=\"eael-grid-post-holder\">\n        <div class=\"eael-grid-post-holder-inner\"><div class=\"eael-entry-media\"><div class=\"eael-entry-overlay none\"><i class=\"fas fa-long-arrow-alt-right\" aria-hidden=\"true\"><\/i><a href=\"https:\/\/lavozdetodos.com.ar\/?p=14101\"><\/a><\/div><div class=\"eael-entry-thumbnail eael-image-ratio\">\n                            <img loading=\"lazy\" decoding=\"async\" width=\"610\" height=\"800\" src=\"https:\/\/lavozdetodos.com.ar\/wp-content\/uploads\/2026\/09\/788551429_1381891454116849_4577894243112247206_n.jpg\" class=\"attachment-medium_large size-medium_large wp-image-14102\" alt=\"\" srcset=\"https:\/\/lavozdetodos.com.ar\/wp-content\/uploads\/2026\/09\/788551429_1381891454116849_4577894243112247206_n.jpg 610w, https:\/\/lavozdetodos.com.ar\/wp-content\/uploads\/2026\/09\/788551429_1381891454116849_4577894243112247206_n-229x300.jpg 229w\" sizes=\"(max-width: 610px) 100vw, 610px\" \/>\n                            <\/div>\n                    <\/div><div class=\"eael-entry-wrapper\"><header class=\"eael-entry-header\"><h2 class=\"eael-entry-title\"><a class=\"eael-grid-post-link\" href=\"https:\/\/lavozdetodos.com.ar\/?p=14101\" title=\"La Clarita celebr\u00f3 el D\u00eda del Ni\u00f1o con una gran jornada\">La Clarita celebr\u00f3 el D\u00eda del Ni\u00f1o con una gran jornada<\/a><\/h2><\/header><div class=\"eael-entry-content\">\n                                <div class=\"eael-grid-post-excerpt\"><p>La localidad de La Clarita celebr\u00f3 el D\u00eda del Ni\u00f1o con una jornada recreativa que reuni\u00f3 a ni\u00f1os y familias...<\/p><\/div>\n                            <\/div><div class=\"eael-entry-header-after style-two\"><div class=\"eael-entry-meta\"><span class=\"eael-posted-by style-two-footer\"><a href=\"https:\/\/lavozdetodos.com.ar\/?author=5\" title=\"Entradas de La Voz De Todos\" rel=\"author\">La Voz De Todos<\/a><\/span><span class=\"eael-meta-posted-on\"><i class=\"far fa-clock\"><\/i><time datetime=\"31 agosto, 2026\">31 agosto, 2026<\/time><\/span><\/div><\/div><\/div><\/div>\n    <\/div>\n<\/article><article class=\"eael-grid-post  eael-post-grid-column eael-pg-post-14033 category-locales-ultimas-noticias\" data-id=\"14033\">\n    <div class=\"eael-grid-post-holder\">\n        <div class=\"eael-grid-post-holder-inner\"><div class=\"eael-entry-media\"><div class=\"eael-entry-overlay none\"><i class=\"fas fa-long-arrow-alt-right\" aria-hidden=\"true\"><\/i><a href=\"https:\/\/lavozdetodos.com.ar\/?p=14033\"><\/a><\/div><div class=\"eael-entry-thumbnail eael-image-ratio\">\n                            <img loading=\"lazy\" decoding=\"async\" width=\"768\" height=\"1024\" src=\"https:\/\/lavozdetodos.com.ar\/wp-content\/uploads\/2026\/08\/Visita-del-Gobernador-Frigerio-a-la-Expo-Rural-Colon-768x1024.webp\" class=\"attachment-medium_large size-medium_large wp-image-14034\" alt=\"\" srcset=\"https:\/\/lavozdetodos.com.ar\/wp-content\/uploads\/2026\/08\/Visita-del-Gobernador-Frigerio-a-la-Expo-Rural-Colon-768x1024.webp 768w, https:\/\/lavozdetodos.com.ar\/wp-content\/uploads\/2026\/08\/Visita-del-Gobernador-Frigerio-a-la-Expo-Rural-Colon-225x300.webp 225w, https:\/\/lavozdetodos.com.ar\/wp-content\/uploads\/2026\/08\/Visita-del-Gobernador-Frigerio-a-la-Expo-Rural-Colon-600x800.webp 600w, https:\/\/lavozdetodos.com.ar\/wp-content\/uploads\/2026\/08\/Visita-del-Gobernador-Frigerio-a-la-Expo-Rural-Colon.webp 960w\" sizes=\"(max-width: 768px) 100vw, 768px\" \/>\n                            <\/div>\n                    <\/div><div class=\"eael-entry-wrapper\"><header class=\"eael-entry-header\"><h2 class=\"eael-entry-title\"><a class=\"eael-grid-post-link\" href=\"https:\/\/lavozdetodos.com.ar\/?p=14033\" title=\"Villa Elisa acompa\u00f1\u00f3 la visita del gobernador Rogelio Frigerio a la Expo Rural Col\u00f3n\">Villa Elisa acompa\u00f1\u00f3 la visita del gobernador Rogelio Frigerio a la Expo Rural Col\u00f3n<\/a><\/h2><\/header><div class=\"eael-entry-content\">\n                                <div class=\"eael-grid-post-excerpt\"><p>Este evento reuni\u00f3 a productores, emprendedores y familias en una celebraci\u00f3n del trabajo, el esfuerzo y las tradiciones de nuestra...<\/p><\/div>\n                            <\/div><div class=\"eael-entry-header-after style-two\"><div class=\"eael-entry-meta\"><span class=\"eael-posted-by style-two-footer\"><a href=\"https:\/\/lavozdetodos.com.ar\/?author=5\" title=\"Entradas de La Voz De Todos\" rel=\"author\">La Voz De Todos<\/a><\/span><span class=\"eael-meta-posted-on\"><i class=\"far fa-clock\"><\/i><time datetime=\"31 agosto, 2026\">31 agosto, 2026<\/time><\/span><\/div><\/div><\/div><\/div>\n    <\/div>\n<\/article><article class=\"eael-grid-post  eael-post-grid-column eael-pg-post-14024 category-locales-ultimas-noticias\" data-id=\"14024\">\n    <div class=\"eael-grid-post-holder\">\n        <div class=\"eael-grid-post-holder-inner\"><div class=\"eael-entry-media\"><div class=\"eael-entry-overlay none\"><i class=\"fas fa-long-arrow-alt-right\" aria-hidden=\"true\"><\/i><a href=\"https:\/\/lavozdetodos.com.ar\/?p=14024\"><\/a><\/div><div class=\"eael-entry-thumbnail eael-image-ratio\">\n                            <img loading=\"lazy\" decoding=\"async\" width=\"768\" height=\"768\" src=\"https:\/\/lavozdetodos.com.ar\/wp-content\/uploads\/2026\/08\/789301148_1634696734747789_1407204529725973087_n-768x768.jpeg\" class=\"attachment-medium_large size-medium_large wp-image-14025\" alt=\"\" srcset=\"https:\/\/lavozdetodos.com.ar\/wp-content\/uploads\/2026\/08\/789301148_1634696734747789_1407204529725973087_n-768x768.jpeg 768w, https:\/\/lavozdetodos.com.ar\/wp-content\/uploads\/2026\/08\/789301148_1634696734747789_1407204529725973087_n-300x300.jpeg 300w, https:\/\/lavozdetodos.com.ar\/wp-content\/uploads\/2026\/08\/789301148_1634696734747789_1407204529725973087_n-800x800.jpeg 800w, https:\/\/lavozdetodos.com.ar\/wp-content\/uploads\/2026\/08\/789301148_1634696734747789_1407204529725973087_n-150x150.jpeg 150w, https:\/\/lavozdetodos.com.ar\/wp-content\/uploads\/2026\/08\/789301148_1634696734747789_1407204529725973087_n.jpeg 1254w\" sizes=\"(max-width: 768px) 100vw, 768px\" \/>\n                            <\/div>\n                    <\/div><div class=\"eael-entry-wrapper\"><header class=\"eael-entry-header\"><h2 class=\"eael-entry-title\"><a class=\"eael-grid-post-link\" href=\"https:\/\/lavozdetodos.com.ar\/?p=14024\" title=\"Arroyo Bar\u00fa mantiene abierta la inscripci\u00f3n para castraciones\">Arroyo Bar\u00fa mantiene abierta la inscripci\u00f3n para castraciones<\/a><\/h2><\/header><div class=\"eael-entry-content\">\n                                <div class=\"eael-grid-post-excerpt\"><p>La Comuna de Arroyo Bar\u00fa inform\u00f3 que contin\u00faa abierta la inscripci\u00f3n para la pr\u00f3xima Campa\u00f1a de Castraci\u00f3n Gratuita de Mascotas,...<\/p><\/div>\n                            <\/div><div class=\"eael-entry-header-after style-two\"><div class=\"eael-entry-meta\"><span class=\"eael-posted-by style-two-footer\"><a href=\"https:\/\/lavozdetodos.com.ar\/?author=5\" title=\"Entradas de La Voz De Todos\" rel=\"author\">La Voz De Todos<\/a><\/span><span class=\"eael-meta-posted-on\"><i class=\"far fa-clock\"><\/i><time datetime=\"31 agosto, 2026\">31 agosto, 2026<\/time><\/span><\/div><\/div><\/div><\/div>\n    <\/div>\n<\/article><article class=\"eael-grid-post  eael-post-grid-column eael-pg-post-14020 category-locales-ultimas-noticias\" data-id=\"14020\">\n    <div class=\"eael-grid-post-holder\">\n        <div class=\"eael-grid-post-holder-inner\"><div class=\"eael-entry-media\"><div class=\"eael-entry-overlay none\"><i class=\"fas fa-long-arrow-alt-right\" aria-hidden=\"true\"><\/i><a href=\"https:\/\/lavozdetodos.com.ar\/?p=14020\"><\/a><\/div><div class=\"eael-entry-thumbnail eael-image-ratio\">\n                            <img loading=\"lazy\" decoding=\"async\" width=\"768\" height=\"554\" src=\"https:\/\/lavozdetodos.com.ar\/wp-content\/uploads\/2026\/08\/789250928_955325587587361_2257635065569814844_n-768x554.jpeg\" class=\"attachment-medium_large size-medium_large wp-image-14022\" alt=\"\" srcset=\"https:\/\/lavozdetodos.com.ar\/wp-content\/uploads\/2026\/08\/789250928_955325587587361_2257635065569814844_n-768x554.jpeg 768w, https:\/\/lavozdetodos.com.ar\/wp-content\/uploads\/2026\/08\/789250928_955325587587361_2257635065569814844_n-300x217.jpeg 300w, https:\/\/lavozdetodos.com.ar\/wp-content\/uploads\/2026\/08\/789250928_955325587587361_2257635065569814844_n-800x578.jpeg 800w, https:\/\/lavozdetodos.com.ar\/wp-content\/uploads\/2026\/08\/789250928_955325587587361_2257635065569814844_n-1536x1109.jpeg 1536w, https:\/\/lavozdetodos.com.ar\/wp-content\/uploads\/2026\/08\/789250928_955325587587361_2257635065569814844_n.jpeg 1600w\" sizes=\"(max-width: 768px) 100vw, 768px\" \/>\n                            <\/div>\n                    <\/div><div class=\"eael-entry-wrapper\"><header class=\"eael-entry-header\"><h2 class=\"eael-entry-title\"><a class=\"eael-grid-post-link\" href=\"https:\/\/lavozdetodos.com.ar\/?p=14020\" title=\"San Jos\u00e9: Educaci\u00f3n y formaci\u00f3n profesional que fortalecen la comunidad\">San Jos\u00e9: Educaci\u00f3n y formaci\u00f3n profesional que fortalecen la comunidad<\/a><\/h2><\/header><div class=\"eael-entry-content\">\n                                <div class=\"eael-grid-post-excerpt\"><p>En el marco de un convenio entre la Municipalidad de San Jos\u00e9 y la EET N.\u00ba 2, Anexo de Formaci\u00f3n...<\/p><\/div>\n                            <\/div><div class=\"eael-entry-header-after style-two\"><div class=\"eael-entry-meta\"><span class=\"eael-posted-by style-two-footer\"><a href=\"https:\/\/lavozdetodos.com.ar\/?author=5\" title=\"Entradas de La Voz De Todos\" rel=\"author\">La Voz De Todos<\/a><\/span><span class=\"eael-meta-posted-on\"><i class=\"far fa-clock\"><\/i><time datetime=\"31 agosto, 2026\">31 agosto, 2026<\/time><\/span><\/div><\/div><\/div><\/div>\n    <\/div>\n<\/article><article class=\"eael-grid-post  eael-post-grid-column eael-pg-post-14017 category-locales-ultimas-noticias\" data-id=\"14017\">\n    <div class=\"eael-grid-post-holder\">\n        <div class=\"eael-grid-post-holder-inner\"><div class=\"eael-entry-media\"><div class=\"eael-entry-overlay none\"><i class=\"fas fa-long-arrow-alt-right\" aria-hidden=\"true\"><\/i><a href=\"https:\/\/lavozdetodos.com.ar\/?p=14017\"><\/a><\/div><div class=\"eael-entry-thumbnail eael-image-ratio\">\n                            <img loading=\"lazy\" decoding=\"async\" width=\"768\" height=\"960\" src=\"https:\/\/lavozdetodos.com.ar\/wp-content\/uploads\/2026\/08\/790408544_2045808612990576_71596927750465601_n-768x960.jpeg\" class=\"attachment-medium_large size-medium_large wp-image-14018\" alt=\"\" srcset=\"https:\/\/lavozdetodos.com.ar\/wp-content\/uploads\/2026\/08\/790408544_2045808612990576_71596927750465601_n-768x960.jpeg 768w, https:\/\/lavozdetodos.com.ar\/wp-content\/uploads\/2026\/08\/790408544_2045808612990576_71596927750465601_n-240x300.jpeg 240w, https:\/\/lavozdetodos.com.ar\/wp-content\/uploads\/2026\/08\/790408544_2045808612990576_71596927750465601_n-640x800.jpeg 640w, https:\/\/lavozdetodos.com.ar\/wp-content\/uploads\/2026\/08\/790408544_2045808612990576_71596927750465601_n-1229x1536.jpeg 1229w, https:\/\/lavozdetodos.com.ar\/wp-content\/uploads\/2026\/08\/790408544_2045808612990576_71596927750465601_n.jpeg 1280w\" sizes=\"(max-width: 768px) 100vw, 768px\" \/>\n                            <\/div>\n                    <\/div><div class=\"eael-entry-wrapper\"><header class=\"eael-entry-header\"><h2 class=\"eael-entry-title\"><a class=\"eael-grid-post-link\" href=\"https:\/\/lavozdetodos.com.ar\/?p=14017\" title=\"Villa Elisa homenajear\u00e1 a Jorge Enrique Mart\u00ed por sus 100 a\u00f1os\">Villa Elisa homenajear\u00e1 a Jorge Enrique Mart\u00ed por sus 100 a\u00f1os<\/a><\/h2><\/header><div class=\"eael-entry-content\">\n                                <div class=\"eael-grid-post-excerpt\"><p>Villa Elisa ser\u00e1 escenario de una velada especial para homenajear al reconocido escritor entrerriano Jorge Enrique Mart\u00ed, al cumplirse 100...<\/p><\/div>\n                            <\/div><div class=\"eael-entry-header-after style-two\"><div class=\"eael-entry-meta\"><span class=\"eael-posted-by style-two-footer\"><a href=\"https:\/\/lavozdetodos.com.ar\/?author=5\" title=\"Entradas de La Voz De Todos\" rel=\"author\">La Voz De Todos<\/a><\/span><span class=\"eael-meta-posted-on\"><i class=\"far fa-clock\"><\/i><time datetime=\"31 agosto, 2026\">31 agosto, 2026<\/time><\/span><\/div><\/div><\/div><\/div>\n    <\/div>\n<\/article><article class=\"eael-grid-post  eael-post-grid-column eael-pg-post-14014 category-locales-ultimas-noticias\" data-id=\"14014\">\n    <div class=\"eael-grid-post-holder\">\n        <div class=\"eael-grid-post-holder-inner\"><div class=\"eael-entry-media\"><div class=\"eael-entry-overlay none\"><i class=\"fas fa-long-arrow-alt-right\" aria-hidden=\"true\"><\/i><a href=\"https:\/\/lavozdetodos.com.ar\/?p=14014\"><\/a><\/div><div class=\"eael-entry-thumbnail eael-image-ratio\">\n                            <img loading=\"lazy\" decoding=\"async\" width=\"768\" height=\"960\" src=\"https:\/\/lavozdetodos.com.ar\/wp-content\/uploads\/2026\/08\/790366498_1569343211300705_1357933863447429986_n-768x960.jpeg\" class=\"attachment-medium_large size-medium_large wp-image-14015\" alt=\"\" srcset=\"https:\/\/lavozdetodos.com.ar\/wp-content\/uploads\/2026\/08\/790366498_1569343211300705_1357933863447429986_n-768x960.jpeg 768w, https:\/\/lavozdetodos.com.ar\/wp-content\/uploads\/2026\/08\/790366498_1569343211300705_1357933863447429986_n-240x300.jpeg 240w, https:\/\/lavozdetodos.com.ar\/wp-content\/uploads\/2026\/08\/790366498_1569343211300705_1357933863447429986_n-640x800.jpeg 640w, https:\/\/lavozdetodos.com.ar\/wp-content\/uploads\/2026\/08\/790366498_1569343211300705_1357933863447429986_n.jpeg 1080w\" sizes=\"(max-width: 768px) 100vw, 768px\" \/>\n                            <\/div>\n                    <\/div><div class=\"eael-entry-wrapper\"><header class=\"eael-entry-header\"><h2 class=\"eael-entry-title\"><a class=\"eael-grid-post-link\" href=\"https:\/\/lavozdetodos.com.ar\/?p=14014\" title=\"Villa Elisa avanza con el autodiagn\u00f3stico sobre ni\u00f1ez y adolescencia\">Villa Elisa avanza con el autodiagn\u00f3stico sobre ni\u00f1ez y adolescencia<\/a><\/h2><\/header><div class=\"eael-entry-content\">\n                                <div class=\"eael-grid-post-excerpt\"><p>Este viernes se desarroll\u00f3 una nueva etapa de trabajo en el marco del Programa MUNA (Municipio Unido por la Ni\u00f1ez...<\/p><\/div>\n                            <\/div><div class=\"eael-entry-header-after style-two\"><div class=\"eael-entry-meta\"><span class=\"eael-posted-by style-two-footer\"><a href=\"https:\/\/lavozdetodos.com.ar\/?author=5\" title=\"Entradas de La Voz De Todos\" rel=\"author\">La Voz De Todos<\/a><\/span><span class=\"eael-meta-posted-on\"><i class=\"far fa-clock\"><\/i><time datetime=\"31 agosto, 2026\">31 agosto, 2026<\/time><\/span><\/div><\/div><\/div><\/div>\n    <\/div>\n<\/article><\/div>\n            <div class=\"clearfix\"><\/div>\n        <\/div>            <div class=\"eael-load-more-button-wrap eael-force-hide\">\n                <button class=\"eael-load-more-button\" id=\"eael-load-more-btn-95baa88\" data-widget-id=\"95baa88\" data-widget=\"95baa88\" data-page-id=\"12466\" data-template=\"{&quot;dir&quot;:&quot;lite&quot;,&quot;file_name&quot;:&quot;two.php&quot;,&quot;name&quot;:&quot;Post-Grid&quot;}\" data-class=\"Essential_Addons_Elementor\\Elements\\Post_Grid\" data-layout=\"grid\" data-page=\"1\" data-args=\"orderby=date&amp;order=desc&amp;ignore_sticky_posts=1&amp;post_status=publish&amp;posts_per_page=9&amp;offset=2&amp;post_type=post&amp;tax_query%5B0%5D%5Btaxonomy%5D=category&amp;tax_query%5B0%5D%5Bfield%5D=term_id&amp;tax_query%5B0%5D%5Bterms%5D%5B0%5D=1&amp;tax_query%5Brelation%5D=AND\" data-max-page=\"345\">\n                    <span class=\"eael-btn-loader button__loader\"><\/span>\n                    <span class=\"eael_load_more_text\">Cargar m\u00e1s<\/span>\n                <\/button>\n            <\/div>\n            \t\t\t\t<\/div>\n\t\t\t\t<\/div>\n\t\t\t\t<\/div>\n\t\t<div class=\"elementor-element elementor-element-fc08726 e-con-full e-flex e-con e-child\" data-id=\"fc08726\" data-element_type=\"container\" data-e-type=\"container\">\n\t\t\t\t<div class=\"elementor-element elementor-element-ac9c9fa elementor-widget elementor-widget-sidebar\" data-id=\"ac9c9fa\" data-element_type=\"widget\" data-e-type=\"widget\" data-widget_type=\"sidebar.default\">\n\t\t\t\t<div class=\"elementor-widget-container\">\n\t\t\t\t\t<section id=\"block-8\" class=\"widget widget_block widget_media_image\">\n<figure class=\"wp-block-image size-full is-resized\"><a href=\"https:\/\/sanjose.gob.ar\/\"><img fetchpriority=\"high\" decoding=\"async\" fetchpriority=\"high\" width=\"600\" height=\"500\" src=\"https:\/\/lavozdetodos.com.ar\/wp-content\/uploads\/2026\/04\/san-jose-600x500-1.webp\" alt=\"\" class=\"wp-image-12563\" style=\"width:663px;height:auto\" srcset=\"https:\/\/lavozdetodos.com.ar\/wp-content\/uploads\/2026\/04\/san-jose-600x500-1.webp 600w, https:\/\/lavozdetodos.com.ar\/wp-content\/uploads\/2026\/04\/san-jose-600x500-1-300x250.webp 300w\" sizes=\"(max-width: 600px) 100vw, 600px\" \/><\/a><\/figure>\n<\/section><section id=\"block-10\" class=\"widget widget_block widget_media_image\">\n<figure class=\"wp-block-image size-full is-resized\"><a href=\"https:\/\/www.entrerios.gov.ar\/cultura\/\"><img loading=\"lazy\" decoding=\"async\" width=\"300\" height=\"250\" src=\"https:\/\/lavozdetodos.com.ar\/wp-content\/uploads\/2026\/09\/feria-del-libro-300x250-2.gif\" alt=\"\" class=\"wp-image-14078\" style=\"width:672px;height:auto\" \/><\/a><\/figure>\n<\/section><section id=\"block-9\" class=\"widget widget_block widget_media_image\">\n<figure class=\"wp-block-image size-full is-resized\"><img loading=\"lazy\" decoding=\"async\" width=\"600\" height=\"500\" src=\"https:\/\/lavozdetodos.com.ar\/wp-content\/uploads\/2026\/04\/comuna-baru.webp\" alt=\"\" class=\"wp-image-12725\" style=\"width:681px;height:auto\" srcset=\"https:\/\/lavozdetodos.com.ar\/wp-content\/uploads\/2026\/04\/comuna-baru.webp 600w, https:\/\/lavozdetodos.com.ar\/wp-content\/uploads\/2026\/04\/comuna-baru-300x250.webp 300w\" sizes=\"(max-width: 600px) 100vw, 600px\" \/><\/figure>\n<\/section><section id=\"block-18\" class=\"widget widget_block widget_media_image\">\n<figure class=\"wp-block-image size-full is-resized\"><a href=\"https:\/\/villaelisa.gov.ar\/\" target=\"_blank\" rel=\" noreferrer noopener\"><img loading=\"lazy\" decoding=\"async\" loading=\"lazy\" width=\"400\" height=\"333\" src=\"https:\/\/lavozdetodos.com.ar\/wp-content\/uploads\/2026\/04\/banner-Elisa-400-2.gif\" alt=\"\" class=\"wp-image-12826\" style=\"width:698px;height:auto\" \/><\/a><\/figure>\n<\/section><section id=\"block-20\" class=\"widget widget_block widget_media_gallery\">\n<figure class=\"wp-block-gallery has-nested-images columns-default is-cropped wp-block-gallery-1 is-layout-flex wp-block-gallery-is-layout-flex\"><\/figure>\n<\/section>\t\t\t\t<\/div>\n\t\t\t\t<\/div>\n\t\t\t\t<\/div>\n\t\t\t\t\t<\/div>\n\t\t\t\t<\/div>\n\t\t<div class=\"elementor-element elementor-element-7078a6b e-flex e-con-boxed e-con e-parent\" data-id=\"7078a6b\" data-element_type=\"container\" data-e-type=\"container\">\n\t\t\t\t\t<div class=\"e-con-inner\">\n\t\t\t\t<div class=\"elementor-element elementor-element-508e579 elementor-widget elementor-widget-menu-anchor\" data-id=\"508e579\" data-element_type=\"widget\" data-e-type=\"widget\" data-widget_type=\"menu-anchor.default\">\n\t\t\t\t<div class=\"elementor-widget-container\">\n\t\t\t\t\t\t\t<div class=\"elementor-menu-anchor\" id=\"DOLAR\"><\/div>\n\t\t\t\t\t\t<\/div>\n\t\t\t\t<\/div>\n\t\t\t\t\t<\/div>\n\t\t\t\t<\/div>\n\t\t<div class=\"elementor-element elementor-element-9ba115b e-flex e-con-boxed e-con e-parent\" data-id=\"9ba115b\" data-element_type=\"container\" data-e-type=\"container\">\n\t\t\t\t\t<div class=\"e-con-inner\">\n\t\t<div class=\"elementor-element elementor-element-59e98c6 e-con-full e-flex e-con e-child\" data-id=\"59e98c6\" data-element_type=\"container\" data-e-type=\"container\">\n\t\t\t\t<div class=\"elementor-element elementor-element-33aa8cb elementor-widget elementor-widget-heading\" data-id=\"33aa8cb\" data-element_type=\"widget\" data-e-type=\"widget\" data-widget_type=\"heading.default\">\n\t\t\t\t<div class=\"elementor-widget-container\">\n\t\t\t\t\t<h2 class=\"elementor-heading-title elementor-size-default\">Dolar Hoy<\/h2>\t\t\t\t<\/div>\n\t\t\t\t<\/div>\n\t\t\t\t<div class=\"elementor-element elementor-element-dcda9ea elementor-widget__width-inherit elementor-widget elementor-widget-text-editor\" data-id=\"dcda9ea\" data-element_type=\"widget\" data-e-type=\"widget\" data-widget_type=\"text-editor.default\">\n\t\t\t\t<div class=\"elementor-widget-container\">\n\t\t\t\t\t\t\t\t\t<!-- ContizacionDolar.com.ar Promedios 300x50px -->\n\n\n<!-- fin c\u00f3digo Promedios 300x50px -->\t\t\t\t\t\t\t\t<\/div>\n\t\t\t\t<\/div>\n\t\t\t\t<\/div>\n\t\t<div class=\"elementor-element elementor-element-754bad0 e-con-full e-flex e-con e-child\" data-id=\"754bad0\" data-element_type=\"container\" data-e-type=\"container\">\n\t\t\t\t<div class=\"elementor-element elementor-element-7ec4adf elementor-widget elementor-widget-heading\" data-id=\"7ec4adf\" data-element_type=\"widget\" data-e-type=\"widget\" data-widget_type=\"heading.default\">\n\t\t\t\t<div class=\"elementor-widget-container\">\n\t\t\t\t\t<h2 class=\"elementor-heading-title elementor-size-default\">Quini 6<\/h2>\t\t\t\t<\/div>\n\t\t\t\t<\/div>\n\t\t\t\t<div class=\"elementor-element elementor-element-5d3de69 elementor-widget elementor-widget-image\" data-id=\"5d3de69\" data-element_type=\"widget\" data-e-type=\"widget\" data-widget_type=\"image.default\">\n\t\t\t\t<div class=\"elementor-widget-container\">\n\t\t\t\t\t\t\t\t\t\t\t\t\t\t\t\t<a href=\"https:\/\/www.jugandoonline.com.ar\/Quini6\/sorteos.asp\" target=\"_blank\">\n\t\t\t\t\t\t\t<img loading=\"lazy\" decoding=\"async\" width=\"615\" height=\"296\" src=\"https:\/\/lavozdetodos.com.ar\/wp-content\/uploads\/2019\/09\/QUINICHATO2.jpg\" class=\"attachment-large size-large wp-image-1016\" alt=\"\" srcset=\"https:\/\/lavozdetodos.com.ar\/wp-content\/uploads\/2019\/09\/QUINICHATO2.jpg 615w, https:\/\/lavozdetodos.com.ar\/wp-content\/uploads\/2019\/09\/QUINICHATO2-300x144.jpg 300w\" sizes=\"(max-width: 615px) 100vw, 615px\" \/>\t\t\t\t\t\t\t\t<\/a>\n\t\t\t\t\t\t\t\t\t\t\t\t\t\t\t<\/div>\n\t\t\t\t<\/div>\n\t\t\t\t<\/div>\n\t\t<div class=\"elementor-element elementor-element-1272d64 e-con-full e-flex e-con e-child\" data-id=\"1272d64\" data-element_type=\"container\" data-e-type=\"container\">\n\t\t\t\t<div class=\"elementor-element elementor-element-6d33f0f elementor-widget elementor-widget-heading\" data-id=\"6d33f0f\" data-element_type=\"widget\" data-e-type=\"widget\" data-widget_type=\"heading.default\">\n\t\t\t\t<div class=\"elementor-widget-container\">\n\t\t\t\t\t<h2 class=\"elementor-heading-title elementor-size-default\">Loter\u00eda<\/h2>\t\t\t\t<\/div>\n\t\t\t\t<\/div>\n\t\t\t\t<div class=\"elementor-element elementor-element-b7d8dba elementor-widget elementor-widget-image\" data-id=\"b7d8dba\" data-element_type=\"widget\" data-e-type=\"widget\" data-widget_type=\"image.default\">\n\t\t\t\t<div class=\"elementor-widget-container\">\n\t\t\t\t\t\t\t\t\t\t\t\t\t\t\t\t<a href=\"https:\/\/www.iafas.gov.ar\/\">\n\t\t\t\t\t\t\t<img loading=\"lazy\" decoding=\"async\" width=\"615\" height=\"296\" src=\"https:\/\/lavozdetodos.com.ar\/wp-content\/uploads\/2019\/09\/LOTERIA-ENTRE-RIOSCAHTO.jpg\" class=\"attachment-large size-large wp-image-1015\" alt=\"\" srcset=\"https:\/\/lavozdetodos.com.ar\/wp-content\/uploads\/2019\/09\/LOTERIA-ENTRE-RIOSCAHTO.jpg 615w, https:\/\/lavozdetodos.com.ar\/wp-content\/uploads\/2019\/09\/LOTERIA-ENTRE-RIOSCAHTO-300x144.jpg 300w\" sizes=\"(max-width: 615px) 100vw, 615px\" \/>\t\t\t\t\t\t\t\t<\/a>\n\t\t\t\t\t\t\t\t\t\t\t\t\t\t\t<\/div>\n\t\t\t\t<\/div>\n\t\t\t\t<\/div>\n\t\t\t\t\t<\/div>\n\t\t\t\t<\/div>\n\t\t<div class=\"elementor-element elementor-element-fc97259 e-flex e-con-boxed e-con e-parent\" data-id=\"fc97259\" data-element_type=\"container\" data-e-type=\"container\">\n\t\t\t\t\t<div class=\"e-con-inner\">\n\t\t\t\t<div class=\"elementor-element elementor-element-b39313f elementor-widget elementor-widget-heading\" data-id=\"b39313f\" data-element_type=\"widget\" data-e-type=\"widget\" data-widget_type=\"heading.default\">\n\t\t\t\t<div class=\"elementor-widget-container\">\n\t\t\t\t\t<h2 class=\"elementor-heading-title elementor-size-default\">Locales<\/h2>\t\t\t\t<\/div>\n\t\t\t\t<\/div>\n\t\t\t\t\t<\/div>\n\t\t\t\t<\/div>\n\t\t<div class=\"elementor-element elementor-element-3923156 e-flex e-con-boxed e-con e-parent\" data-id=\"3923156\" data-element_type=\"container\" data-e-type=\"container\">\n\t\t\t\t\t<div class=\"e-con-inner\">\n\t\t<div class=\"elementor-element elementor-element-ae7114d e-con-full e-flex e-con e-child\" data-id=\"ae7114d\" data-element_type=\"container\" data-e-type=\"container\">\n\t\t\t\t<div class=\"elementor-element elementor-element-fab7023 elementor-grid-eael-col-4 elementor-grid-tablet-eael-col-2 elementor-grid-mobile-eael-col-1 elementor-widget elementor-widget-eael-post-grid\" data-id=\"fab7023\" data-element_type=\"widget\" data-e-type=\"widget\" data-settings=\"{&quot;eael_post_grid_columns&quot;:&quot;eael-col-4&quot;,&quot;eael_post_grid_columns_tablet&quot;:&quot;eael-col-2&quot;,&quot;eael_post_grid_columns_mobile&quot;:&quot;eael-col-1&quot;}\" data-widget_type=\"eael-post-grid.default\">\n\t\t\t\t<div class=\"elementor-widget-container\">\n\t\t\t\t\t<div id=\"eael-post-grid-fab7023\" class=\"eael-post-grid-container\">\n            <div class=\"eael-post-grid eael-post-appender eael-post-appender-fab7023 eael-post-grid-style-two\" data-layout-mode=\"grid\"><article class=\"eael-grid-post  eael-post-grid-column eael-pg-post-14095 category-locales-ultimas-noticias\" data-id=\"14095\">\n    <div class=\"eael-grid-post-holder\">\n        <div class=\"eael-grid-post-holder-inner\"><div class=\"eael-entry-media\"><div class=\"eael-entry-overlay none\"><i class=\"fas fa-long-arrow-alt-right\" aria-hidden=\"true\"><\/i><a href=\"https:\/\/lavozdetodos.com.ar\/?p=14095\"><\/a><\/div><div class=\"eael-entry-thumbnail eael-image-ratio\">\n                            <img loading=\"lazy\" decoding=\"async\" width=\"768\" height=\"626\" src=\"https:\/\/lavozdetodos.com.ar\/wp-content\/uploads\/2026\/09\/790756068_1630373472136614_1925572481128211408_n-e1788378022857-768x626.jpeg\" class=\"attachment-medium_large size-medium_large wp-image-14096\" alt=\"\" srcset=\"https:\/\/lavozdetodos.com.ar\/wp-content\/uploads\/2026\/09\/790756068_1630373472136614_1925572481128211408_n-e1788378022857-768x626.jpeg 768w, https:\/\/lavozdetodos.com.ar\/wp-content\/uploads\/2026\/09\/790756068_1630373472136614_1925572481128211408_n-e1788378022857-300x245.jpeg 300w, https:\/\/lavozdetodos.com.ar\/wp-content\/uploads\/2026\/09\/790756068_1630373472136614_1925572481128211408_n-e1788378022857-800x653.jpeg 800w, https:\/\/lavozdetodos.com.ar\/wp-content\/uploads\/2026\/09\/790756068_1630373472136614_1925572481128211408_n-e1788378022857.jpeg 960w\" sizes=\"(max-width: 768px) 100vw, 768px\" \/>\n                            <\/div>\n                    <\/div><div class=\"eael-entry-wrapper\"><header class=\"eael-entry-header\"><h2 class=\"eael-entry-title\"><a class=\"eael-grid-post-link\" href=\"https:\/\/lavozdetodos.com.ar\/?p=14095\" title=\"Arroyo Bar\u00fa recibi\u00f3 a estudiantes en una jornada de intercambio\">Arroyo Bar\u00fa recibi\u00f3 a estudiantes en una jornada de intercambio<\/a><\/h2><\/header><div class=\"eael-entry-content\">\n                                <div class=\"eael-grid-post-excerpt\"><p>Arroyo Bar\u00fa recibi\u00f3 a estudiantes de 4.\u00ba a\u00f1o de Econom\u00eda A y B del Instituto Comercial San Jos\u00e9, quienes visitaron...<\/p><\/div>\n                            <\/div><div class=\"eael-entry-header-after style-two\"><div class=\"eael-entry-meta\"><span class=\"eael-posted-by style-two-footer\"><a href=\"https:\/\/lavozdetodos.com.ar\/?author=5\" title=\"Entradas de La Voz De Todos\" rel=\"author\">La Voz De Todos<\/a><\/span><span class=\"eael-meta-posted-on\"><i class=\"far fa-clock\"><\/i><time datetime=\"2 septiembre, 2026\">2 septiembre, 2026<\/time><\/span><\/div><\/div><\/div><\/div>\n    <\/div>\n<\/article><article class=\"eael-grid-post  eael-post-grid-column eael-pg-post-14089 category-locales-ultimas-noticias\" data-id=\"14089\">\n    <div class=\"eael-grid-post-holder\">\n        <div class=\"eael-grid-post-holder-inner\"><div class=\"eael-entry-media\"><div class=\"eael-entry-overlay none\"><i class=\"fas fa-long-arrow-alt-right\" aria-hidden=\"true\"><\/i><a href=\"https:\/\/lavozdetodos.com.ar\/?p=14089\"><\/a><\/div><div class=\"eael-entry-thumbnail eael-image-ratio\">\n                            <img loading=\"lazy\" decoding=\"async\" width=\"768\" height=\"971\" src=\"https:\/\/lavozdetodos.com.ar\/wp-content\/uploads\/2026\/09\/792743377_917913764268446_8697123518473752256_n-768x971.jpeg\" class=\"attachment-medium_large size-medium_large wp-image-14090\" alt=\"\" srcset=\"https:\/\/lavozdetodos.com.ar\/wp-content\/uploads\/2026\/09\/792743377_917913764268446_8697123518473752256_n-768x971.jpeg 768w, https:\/\/lavozdetodos.com.ar\/wp-content\/uploads\/2026\/09\/792743377_917913764268446_8697123518473752256_n-237x300.jpeg 237w, https:\/\/lavozdetodos.com.ar\/wp-content\/uploads\/2026\/09\/792743377_917913764268446_8697123518473752256_n-633x800.jpeg 633w, https:\/\/lavozdetodos.com.ar\/wp-content\/uploads\/2026\/09\/792743377_917913764268446_8697123518473752256_n.jpeg 1080w\" sizes=\"(max-width: 768px) 100vw, 768px\" \/>\n                            <\/div>\n                    <\/div><div class=\"eael-entry-wrapper\"><header class=\"eael-entry-header\"><h2 class=\"eael-entry-title\"><a class=\"eael-grid-post-link\" href=\"https:\/\/lavozdetodos.com.ar\/?p=14089\" title=\"San Jos\u00e9 celebra la 13.\u00aa edici\u00f3n de conciertos corales\">San Jos\u00e9 celebra la 13.\u00aa edici\u00f3n de conciertos corales<\/a><\/h2><\/header><div class=\"eael-entry-content\">\n                                <div class=\"eael-grid-post-excerpt\"><p>San Jos\u00e9 se prepara para vivir una nueva edici\u00f3n del Ciclo de Conciertos Corales, una propuesta cultural que reunir\u00e1 distintas...<\/p><\/div>\n                            <\/div><div class=\"eael-entry-header-after style-two\"><div class=\"eael-entry-meta\"><span class=\"eael-posted-by style-two-footer\"><a href=\"https:\/\/lavozdetodos.com.ar\/?author=5\" title=\"Entradas de La Voz De Todos\" rel=\"author\">La Voz De Todos<\/a><\/span><span class=\"eael-meta-posted-on\"><i class=\"far fa-clock\"><\/i><time datetime=\"2 septiembre, 2026\">2 septiembre, 2026<\/time><\/span><\/div><\/div><\/div><\/div>\n    <\/div>\n<\/article><article class=\"eael-grid-post  eael-post-grid-column eael-pg-post-14086 category-locales-ultimas-noticias\" data-id=\"14086\">\n    <div class=\"eael-grid-post-holder\">\n        <div class=\"eael-grid-post-holder-inner\"><div class=\"eael-entry-media\"><div class=\"eael-entry-overlay none\"><i class=\"fas fa-long-arrow-alt-right\" aria-hidden=\"true\"><\/i><a href=\"https:\/\/lavozdetodos.com.ar\/?p=14086\"><\/a><\/div><div class=\"eael-entry-thumbnail eael-image-ratio\">\n                            <img loading=\"lazy\" decoding=\"async\" width=\"768\" height=\"960\" src=\"https:\/\/lavozdetodos.com.ar\/wp-content\/uploads\/2026\/09\/791419062_1111133581265520_697493826843369183_n-768x960.jpeg\" class=\"attachment-medium_large size-medium_large wp-image-14087\" alt=\"\" srcset=\"https:\/\/lavozdetodos.com.ar\/wp-content\/uploads\/2026\/09\/791419062_1111133581265520_697493826843369183_n-768x960.jpeg 768w, https:\/\/lavozdetodos.com.ar\/wp-content\/uploads\/2026\/09\/791419062_1111133581265520_697493826843369183_n-240x300.jpeg 240w, https:\/\/lavozdetodos.com.ar\/wp-content\/uploads\/2026\/09\/791419062_1111133581265520_697493826843369183_n-640x800.jpeg 640w, https:\/\/lavozdetodos.com.ar\/wp-content\/uploads\/2026\/09\/791419062_1111133581265520_697493826843369183_n.jpeg 1080w\" sizes=\"(max-width: 768px) 100vw, 768px\" \/>\n                            <\/div>\n                    <\/div><div class=\"eael-entry-wrapper\"><header class=\"eael-entry-header\"><h2 class=\"eael-entry-title\"><a class=\"eael-grid-post-link\" href=\"https:\/\/lavozdetodos.com.ar\/?p=14086\" title=\"San Jos\u00e9 presenta \u201cEl Verano M\u00e1s Largo de Entre R\u00edos\u201d\">San Jos\u00e9 presenta \u201cEl Verano M\u00e1s Largo de Entre R\u00edos\u201d<\/a><\/h2><\/header><div class=\"eael-entry-content\">\n                                <div class=\"eael-grid-post-excerpt\"><p>Este viernes 4 de septiembre, a las 10:00 horas, se realizar\u00e1 una conferencia de prensa en Termas San Jos\u00e9 para...<\/p><\/div>\n                            <\/div><div class=\"eael-entry-header-after style-two\"><div class=\"eael-entry-meta\"><span class=\"eael-posted-by style-two-footer\"><a href=\"https:\/\/lavozdetodos.com.ar\/?author=5\" title=\"Entradas de La Voz De Todos\" rel=\"author\">La Voz De Todos<\/a><\/span><span class=\"eael-meta-posted-on\"><i class=\"far fa-clock\"><\/i><time datetime=\"2 septiembre, 2026\">2 septiembre, 2026<\/time><\/span><\/div><\/div><\/div><\/div>\n    <\/div>\n<\/article><article class=\"eael-grid-post  eael-post-grid-column eael-pg-post-14083 category-locales-ultimas-noticias\" data-id=\"14083\">\n    <div class=\"eael-grid-post-holder\">\n        <div class=\"eael-grid-post-holder-inner\"><div class=\"eael-entry-media\"><div class=\"eael-entry-overlay none\"><i class=\"fas fa-long-arrow-alt-right\" aria-hidden=\"true\"><\/i><a href=\"https:\/\/lavozdetodos.com.ar\/?p=14083\"><\/a><\/div><div class=\"eael-entry-thumbnail eael-image-ratio\">\n                            <img loading=\"lazy\" decoding=\"async\" width=\"768\" height=\"960\" src=\"https:\/\/lavozdetodos.com.ar\/wp-content\/uploads\/2026\/09\/791015082_1731419608121835_2819413323266233994_n-768x960.jpeg\" class=\"attachment-medium_large size-medium_large wp-image-14084\" alt=\"\" srcset=\"https:\/\/lavozdetodos.com.ar\/wp-content\/uploads\/2026\/09\/791015082_1731419608121835_2819413323266233994_n-768x960.jpeg 768w, https:\/\/lavozdetodos.com.ar\/wp-content\/uploads\/2026\/09\/791015082_1731419608121835_2819413323266233994_n-240x300.jpeg 240w, https:\/\/lavozdetodos.com.ar\/wp-content\/uploads\/2026\/09\/791015082_1731419608121835_2819413323266233994_n-640x800.jpeg 640w, https:\/\/lavozdetodos.com.ar\/wp-content\/uploads\/2026\/09\/791015082_1731419608121835_2819413323266233994_n-1229x1536.jpeg 1229w, https:\/\/lavozdetodos.com.ar\/wp-content\/uploads\/2026\/09\/791015082_1731419608121835_2819413323266233994_n.jpeg 1280w\" sizes=\"(max-width: 768px) 100vw, 768px\" \/>\n                            <\/div>\n                    <\/div><div class=\"eael-entry-wrapper\"><header class=\"eael-entry-header\"><h2 class=\"eael-entry-title\"><a class=\"eael-grid-post-link\" href=\"https:\/\/lavozdetodos.com.ar\/?p=14083\" title=\"Villa Elisa: nuevas fechas para tramitar el CMO\">Villa Elisa: nuevas fechas para tramitar el CMO<\/a><\/h2><\/header><div class=\"eael-entry-content\">\n                                <div class=\"eael-grid-post-excerpt\"><p>Durante septiembre se habilitar\u00e1n dos nuevas jornadas para gestionar el Certificado M\u00e9dico Oficial (CMO) en Villa Elisa. La atenci\u00f3n se...<\/p><\/div>\n                            <\/div><div class=\"eael-entry-header-after style-two\"><div class=\"eael-entry-meta\"><span class=\"eael-posted-by style-two-footer\"><a href=\"https:\/\/lavozdetodos.com.ar\/?author=5\" title=\"Entradas de La Voz De Todos\" rel=\"author\">La Voz De Todos<\/a><\/span><span class=\"eael-meta-posted-on\"><i class=\"far fa-clock\"><\/i><time datetime=\"2 septiembre, 2026\">2 septiembre, 2026<\/time><\/span><\/div><\/div><\/div><\/div>\n    <\/div>\n<\/article><\/div>\n            <div class=\"clearfix\"><\/div>\n        <\/div>            <div class=\"eael-load-more-button-wrap eael-force-hide\">\n                <button class=\"eael-load-more-button\" id=\"eael-load-more-btn-fab7023\" data-widget-id=\"fab7023\" data-widget=\"fab7023\" data-page-id=\"12466\" data-template=\"{&quot;dir&quot;:&quot;lite&quot;,&quot;file_name&quot;:&quot;two.php&quot;,&quot;name&quot;:&quot;Post-Grid&quot;}\" data-class=\"Essential_Addons_Elementor\\Elements\\Post_Grid\" data-layout=\"grid\" data-page=\"1\" data-args=\"orderby=date&amp;order=desc&amp;ignore_sticky_posts=1&amp;post_status=publish&amp;posts_per_page=4&amp;offset=&amp;post_type=post&amp;tax_query%5B0%5D%5Btaxonomy%5D=category&amp;tax_query%5B0%5D%5Bfield%5D=term_id&amp;tax_query%5B0%5D%5Bterms%5D%5B0%5D=8&amp;tax_query%5Brelation%5D=AND\" data-max-page=\"562\">\n                    <span class=\"eael-btn-loader button__loader\"><\/span>\n                    <span class=\"eael_load_more_text\">Cargar m\u00e1s<\/span>\n                <\/button>\n            <\/div>\n            \t\t\t\t<\/div>\n\t\t\t\t<\/div>\n\t\t\t\t<\/div>\n\t\t\t\t\t<\/div>\n\t\t\t\t<\/div>\n\t\t<div class=\"elementor-element elementor-element-1df30bc e-flex e-con-boxed e-con e-parent\" data-id=\"1df30bc\" data-element_type=\"container\" data-e-type=\"container\">\n\t\t\t\t\t<div class=\"e-con-inner\">\n\t\t\t\t<div class=\"elementor-element elementor-element-4743f55 elementor-widget elementor-widget-heading\" data-id=\"4743f55\" data-element_type=\"widget\" data-e-type=\"widget\" data-widget_type=\"heading.default\">\n\t\t\t\t<div class=\"elementor-widget-container\">\n\t\t\t\t\t<h2 class=\"elementor-heading-title elementor-size-default\">Provinciales\n<\/h2>\t\t\t\t<\/div>\n\t\t\t\t<\/div>\n\t\t\t\t\t<\/div>\n\t\t\t\t<\/div>\n\t\t<div class=\"elementor-element elementor-element-e5e3b79 e-flex e-con-boxed e-con e-parent\" data-id=\"e5e3b79\" data-element_type=\"container\" data-e-type=\"container\">\n\t\t\t\t\t<div class=\"e-con-inner\">\n\t\t<div class=\"elementor-element elementor-element-646c1d0 e-con-full e-flex e-con e-child\" data-id=\"646c1d0\" data-element_type=\"container\" data-e-type=\"container\">\n\t\t\t\t<div class=\"elementor-element elementor-element-878bbd8 elementor-grid-eael-col-4 elementor-grid-tablet-eael-col-2 elementor-grid-mobile-eael-col-1 elementor-widget elementor-widget-eael-post-grid\" data-id=\"878bbd8\" data-element_type=\"widget\" data-e-type=\"widget\" data-settings=\"{&quot;eael_post_grid_columns&quot;:&quot;eael-col-4&quot;,&quot;eael_post_grid_columns_tablet&quot;:&quot;eael-col-2&quot;,&quot;eael_post_grid_columns_mobile&quot;:&quot;eael-col-1&quot;}\" data-widget_type=\"eael-post-grid.default\">\n\t\t\t\t<div class=\"elementor-widget-container\">\n\t\t\t\t\t<div id=\"eael-post-grid-878bbd8\" class=\"eael-post-grid-container\">\n            <div class=\"eael-post-grid eael-post-appender eael-post-appender-878bbd8 eael-post-grid-style-two\" data-layout-mode=\"masonry\"><article class=\"eael-grid-post  eael-post-grid-column eael-pg-post-14092 category-provinciales-ultimas-noticias\" data-id=\"14092\">\n    <div class=\"eael-grid-post-holder\">\n        <div class=\"eael-grid-post-holder-inner\"><div class=\"eael-entry-media\"><div class=\"eael-entry-overlay none\"><i class=\"fas fa-long-arrow-alt-right\" aria-hidden=\"true\"><\/i><a href=\"https:\/\/lavozdetodos.com.ar\/?p=14092\"><\/a><\/div><div class=\"eael-entry-thumbnail eael-image-ratio\">\n                            <img loading=\"lazy\" decoding=\"async\" width=\"768\" height=\"432\" src=\"https:\/\/lavozdetodos.com.ar\/wp-content\/uploads\/2026\/09\/780032448_1512581694243702_8485720740506193353_n-768x432.jpg\" class=\"attachment-medium_large size-medium_large wp-image-14093\" alt=\"\" srcset=\"https:\/\/lavozdetodos.com.ar\/wp-content\/uploads\/2026\/09\/780032448_1512581694243702_8485720740506193353_n-768x432.jpg 768w, https:\/\/lavozdetodos.com.ar\/wp-content\/uploads\/2026\/09\/780032448_1512581694243702_8485720740506193353_n-300x169.jpg 300w, https:\/\/lavozdetodos.com.ar\/wp-content\/uploads\/2026\/09\/780032448_1512581694243702_8485720740506193353_n-800x450.jpg 800w, https:\/\/lavozdetodos.com.ar\/wp-content\/uploads\/2026\/09\/780032448_1512581694243702_8485720740506193353_n-1536x865.jpg 1536w, https:\/\/lavozdetodos.com.ar\/wp-content\/uploads\/2026\/09\/780032448_1512581694243702_8485720740506193353_n.jpg 2048w\" sizes=\"(max-width: 768px) 100vw, 768px\" \/>\n                            <\/div>\n                    <\/div><div class=\"eael-entry-wrapper\"><header class=\"eael-entry-header\"><h2 class=\"eael-entry-title\"><a class=\"eael-grid-post-link\" href=\"https:\/\/lavozdetodos.com.ar\/?p=14092\" title=\"Pronunciamiento: Sandoval recibi\u00f3 a directivos de escuela\">Pronunciamiento: Sandoval recibi\u00f3 a directivos de escuela<\/a><\/h2><\/header><div class=\"eael-entry-content\">\n                                <div class=\"eael-grid-post-excerpt\"><p>El intendente de Pronunciamiento, Ricardo Sandoval, recibi\u00f3 este mi\u00e9rcoles en el edificio municipal a representantes de la Escuela Primaria N.\u00ba...<\/p><\/div>\n                            <\/div><div class=\"eael-entry-header-after style-two\"><div class=\"eael-entry-meta\"><span class=\"eael-posted-by style-two-footer\"><a href=\"https:\/\/lavozdetodos.com.ar\/?author=5\" title=\"Entradas de La Voz De Todos\" rel=\"author\">La Voz De Todos<\/a><\/span><span class=\"eael-meta-posted-on\"><i class=\"far fa-clock\"><\/i><time datetime=\"2 septiembre, 2026\">2 septiembre, 2026<\/time><\/span><\/div><\/div><\/div><\/div>\n    <\/div>\n<\/article><article class=\"eael-grid-post  eael-post-grid-column eael-pg-post-14057 category-provinciales-ultimas-noticias\" data-id=\"14057\">\n    <div class=\"eael-grid-post-holder\">\n        <div class=\"eael-grid-post-holder-inner\"><div class=\"eael-entry-media\"><div class=\"eael-entry-overlay none\"><i class=\"fas fa-long-arrow-alt-right\" aria-hidden=\"true\"><\/i><a href=\"https:\/\/lavozdetodos.com.ar\/?p=14057\"><\/a><\/div><div class=\"eael-entry-thumbnail eael-image-ratio\">\n                            <img loading=\"lazy\" decoding=\"async\" width=\"768\" height=\"432\" src=\"https:\/\/lavozdetodos.com.ar\/wp-content\/uploads\/2026\/09\/784981909_1507497898085415_2774124661492138105_n-768x432.jpg\" class=\"attachment-medium_large size-medium_large wp-image-14058\" alt=\"\" srcset=\"https:\/\/lavozdetodos.com.ar\/wp-content\/uploads\/2026\/09\/784981909_1507497898085415_2774124661492138105_n-768x432.jpg 768w, https:\/\/lavozdetodos.com.ar\/wp-content\/uploads\/2026\/09\/784981909_1507497898085415_2774124661492138105_n-300x169.jpg 300w, https:\/\/lavozdetodos.com.ar\/wp-content\/uploads\/2026\/09\/784981909_1507497898085415_2774124661492138105_n-800x450.jpg 800w, https:\/\/lavozdetodos.com.ar\/wp-content\/uploads\/2026\/09\/784981909_1507497898085415_2774124661492138105_n-1536x865.jpg 1536w, https:\/\/lavozdetodos.com.ar\/wp-content\/uploads\/2026\/09\/784981909_1507497898085415_2774124661492138105_n.jpg 2048w\" sizes=\"(max-width: 768px) 100vw, 768px\" \/>\n                            <\/div>\n                    <\/div><div class=\"eael-entry-wrapper\"><header class=\"eael-entry-header\"><h2 class=\"eael-entry-title\"><a class=\"eael-grid-post-link\" href=\"https:\/\/lavozdetodos.com.ar\/?p=14057\" title=\"Pronunciamiento inici\u00f3 capacitaci\u00f3n para auxiliar electricista\">Pronunciamiento inici\u00f3 capacitaci\u00f3n para auxiliar electricista<\/a><\/h2><\/header><div class=\"eael-entry-content\">\n                                <div class=\"eael-grid-post-excerpt\"><p>La Municipalidad de Pronunciamiento y la Universidad Aut\u00f3noma de Entre R\u00edos (UADER) pusieron en marcha una nueva capacitaci\u00f3n en oficios...<\/p><\/div>\n                            <\/div><div class=\"eael-entry-header-after style-two\"><div class=\"eael-entry-meta\"><span class=\"eael-posted-by style-two-footer\"><a href=\"https:\/\/lavozdetodos.com.ar\/?author=5\" title=\"Entradas de La Voz De Todos\" rel=\"author\">La Voz De Todos<\/a><\/span><span class=\"eael-meta-posted-on\"><i class=\"far fa-clock\"><\/i><time datetime=\"28 agosto, 2026\">28 agosto, 2026<\/time><\/span><\/div><\/div><\/div><\/div>\n    <\/div>\n<\/article><article class=\"eael-grid-post  eael-post-grid-column eael-pg-post-14010 category-provinciales-ultimas-noticias\" data-id=\"14010\">\n    <div class=\"eael-grid-post-holder\">\n        <div class=\"eael-grid-post-holder-inner\"><div class=\"eael-entry-media\"><div class=\"eael-entry-overlay none\"><i class=\"fas fa-long-arrow-alt-right\" aria-hidden=\"true\"><\/i><a href=\"https:\/\/lavozdetodos.com.ar\/?p=14010\"><\/a><\/div><div class=\"eael-entry-thumbnail eael-image-ratio\">\n                            <img loading=\"lazy\" decoding=\"async\" width=\"768\" height=\"541\" src=\"https:\/\/lavozdetodos.com.ar\/wp-content\/uploads\/2026\/08\/786742440_1509673181199216_2087326318618479462_n-768x541.jpg\" class=\"attachment-medium_large size-medium_large wp-image-14011\" alt=\"\" srcset=\"https:\/\/lavozdetodos.com.ar\/wp-content\/uploads\/2026\/08\/786742440_1509673181199216_2087326318618479462_n-768x541.jpg 768w, https:\/\/lavozdetodos.com.ar\/wp-content\/uploads\/2026\/08\/786742440_1509673181199216_2087326318618479462_n-300x211.jpg 300w, https:\/\/lavozdetodos.com.ar\/wp-content\/uploads\/2026\/08\/786742440_1509673181199216_2087326318618479462_n-800x564.jpg 800w, https:\/\/lavozdetodos.com.ar\/wp-content\/uploads\/2026\/08\/786742440_1509673181199216_2087326318618479462_n-1536x1082.jpg 1536w, https:\/\/lavozdetodos.com.ar\/wp-content\/uploads\/2026\/08\/786742440_1509673181199216_2087326318618479462_n.jpg 1600w\" sizes=\"(max-width: 768px) 100vw, 768px\" \/>\n                            <\/div>\n                    <\/div><div class=\"eael-entry-wrapper\"><header class=\"eael-entry-header\"><h2 class=\"eael-entry-title\"><a class=\"eael-grid-post-link\" href=\"https:\/\/lavozdetodos.com.ar\/?p=14010\" title=\"El Concejo Deliberante de 1\u00b0 de Mayo sesionar\u00e1 este mi\u00e9rcoles\">El Concejo Deliberante de 1\u00b0 de Mayo sesionar\u00e1 este mi\u00e9rcoles<\/a><\/h2><\/header><div class=\"eael-entry-content\">\n                                <div class=\"eael-grid-post-excerpt\"><p>El Honorable Concejo Deliberante de la Municipalidad de 1\u00b0 de Mayo llevar\u00e1 adelante este mi\u00e9rcoles 26 de agosto de 2026...<\/p><\/div>\n                            <\/div><div class=\"eael-entry-header-after style-two\"><div class=\"eael-entry-meta\"><span class=\"eael-posted-by style-two-footer\"><a href=\"https:\/\/lavozdetodos.com.ar\/?author=5\" title=\"Entradas de La Voz De Todos\" rel=\"author\">La Voz De Todos<\/a><\/span><span class=\"eael-meta-posted-on\"><i class=\"far fa-clock\"><\/i><time datetime=\"26 agosto, 2026\">26 agosto, 2026<\/time><\/span><\/div><\/div><\/div><\/div>\n    <\/div>\n<\/article><article class=\"eael-grid-post  eael-post-grid-column eael-pg-post-14054 category-provinciales-ultimas-noticias\" data-id=\"14054\">\n    <div class=\"eael-grid-post-holder\">\n        <div class=\"eael-grid-post-holder-inner\"><div class=\"eael-entry-media\"><div class=\"eael-entry-overlay none\"><i class=\"fas fa-long-arrow-alt-right\" aria-hidden=\"true\"><\/i><a href=\"https:\/\/lavozdetodos.com.ar\/?p=14054\"><\/a><\/div><div class=\"eael-entry-thumbnail eael-image-ratio\">\n                            <img loading=\"lazy\" decoding=\"async\" width=\"768\" height=\"1083\" src=\"https:\/\/lavozdetodos.com.ar\/wp-content\/uploads\/2026\/09\/787023955_1505359224965949_4881272864949142739_n-768x1083.jpg\" class=\"attachment-medium_large size-medium_large wp-image-14055\" alt=\"\" srcset=\"https:\/\/lavozdetodos.com.ar\/wp-content\/uploads\/2026\/09\/787023955_1505359224965949_4881272864949142739_n-768x1083.jpg 768w, https:\/\/lavozdetodos.com.ar\/wp-content\/uploads\/2026\/09\/787023955_1505359224965949_4881272864949142739_n-213x300.jpg 213w, https:\/\/lavozdetodos.com.ar\/wp-content\/uploads\/2026\/09\/787023955_1505359224965949_4881272864949142739_n-568x800.jpg 568w, https:\/\/lavozdetodos.com.ar\/wp-content\/uploads\/2026\/09\/787023955_1505359224965949_4881272864949142739_n-1090x1536.jpg 1090w, https:\/\/lavozdetodos.com.ar\/wp-content\/uploads\/2026\/09\/787023955_1505359224965949_4881272864949142739_n.jpg 1240w\" sizes=\"(max-width: 768px) 100vw, 768px\" \/>\n                            <\/div>\n                    <\/div><div class=\"eael-entry-wrapper\"><header class=\"eael-entry-header\"><h2 class=\"eael-entry-title\"><a class=\"eael-grid-post-link\" href=\"https:\/\/lavozdetodos.com.ar\/?p=14054\" title=\"Pronunciamiento prepara una nueva sesi\u00f3n del Concejo\">Pronunciamiento prepara una nueva sesi\u00f3n del Concejo<\/a><\/h2><\/header><div class=\"eael-entry-content\">\n                                <div class=\"eael-grid-post-excerpt\"><p>El Honorable Concejo Deliberante de Pronunciamiento llevar\u00e1 adelante este mi\u00e9rcoles 26 de agosto una nueva sesi\u00f3n ordinaria, prevista para las...<\/p><\/div>\n                            <\/div><div class=\"eael-entry-header-after style-two\"><div class=\"eael-entry-meta\"><span class=\"eael-posted-by style-two-footer\"><a href=\"https:\/\/lavozdetodos.com.ar\/?author=5\" title=\"Entradas de La Voz De Todos\" rel=\"author\">La Voz De Todos<\/a><\/span><span class=\"eael-meta-posted-on\"><i class=\"far fa-clock\"><\/i><time datetime=\"25 agosto, 2026\">25 agosto, 2026<\/time><\/span><\/div><\/div><\/div><\/div>\n    <\/div>\n<\/article><article class=\"eael-grid-post  eael-post-grid-column eael-pg-post-13988 category-provinciales-ultimas-noticias\" data-id=\"13988\">\n    <div class=\"eael-grid-post-holder\">\n        <div class=\"eael-grid-post-holder-inner\"><div class=\"eael-entry-media\"><div class=\"eael-entry-overlay none\"><i class=\"fas fa-long-arrow-alt-right\" aria-hidden=\"true\"><\/i><a href=\"https:\/\/lavozdetodos.com.ar\/?p=13988\"><\/a><\/div><div class=\"eael-entry-thumbnail eael-image-ratio\">\n                            <img loading=\"lazy\" decoding=\"async\" width=\"768\" height=\"960\" src=\"https:\/\/lavozdetodos.com.ar\/wp-content\/uploads\/2026\/08\/783778366_1505888824910985_8931073505324234255_n-768x960.jpg\" class=\"attachment-medium_large size-medium_large wp-image-13995\" alt=\"\" srcset=\"https:\/\/lavozdetodos.com.ar\/wp-content\/uploads\/2026\/08\/783778366_1505888824910985_8931073505324234255_n-768x960.jpg 768w, https:\/\/lavozdetodos.com.ar\/wp-content\/uploads\/2026\/08\/783778366_1505888824910985_8931073505324234255_n-240x300.jpg 240w, https:\/\/lavozdetodos.com.ar\/wp-content\/uploads\/2026\/08\/783778366_1505888824910985_8931073505324234255_n-640x800.jpg 640w, https:\/\/lavozdetodos.com.ar\/wp-content\/uploads\/2026\/08\/783778366_1505888824910985_8931073505324234255_n-1229x1536.jpg 1229w, https:\/\/lavozdetodos.com.ar\/wp-content\/uploads\/2026\/08\/783778366_1505888824910985_8931073505324234255_n.jpg 1440w\" sizes=\"(max-width: 768px) 100vw, 768px\" \/>\n                            <\/div>\n                    <\/div><div class=\"eael-entry-wrapper\"><header class=\"eael-entry-header\"><h2 class=\"eael-entry-title\"><a class=\"eael-grid-post-link\" href=\"https:\/\/lavozdetodos.com.ar\/?p=13988\" title=\"Anses atender\u00e1 en 1\u00b0 de Mayo el mi\u00e9rcoles 26 de agosto\">Anses atender\u00e1 en 1\u00b0 de Mayo el mi\u00e9rcoles 26 de agosto<\/a><\/h2><\/header><div class=\"eael-entry-content\">\n                                <div class=\"eael-grid-post-excerpt\"><p>Desde la Subsecretar\u00eda de Desarrollo Social se informa que ANSES estar\u00e1 atendiendo en la localidad de 1\u00b0 de Mayo el...<\/p><\/div>\n                            <\/div><div class=\"eael-entry-header-after style-two\"><div class=\"eael-entry-meta\"><span class=\"eael-posted-by style-two-footer\"><a href=\"https:\/\/lavozdetodos.com.ar\/?author=5\" title=\"Entradas de La Voz De Todos\" rel=\"author\">La Voz De Todos<\/a><\/span><span class=\"eael-meta-posted-on\"><i class=\"far fa-clock\"><\/i><time datetime=\"24 agosto, 2026\">24 agosto, 2026<\/time><\/span><\/div><\/div><\/div><\/div>\n    <\/div>\n<\/article><article class=\"eael-grid-post  eael-post-grid-column eael-pg-post-13976 category-provinciales-ultimas-noticias\" data-id=\"13976\">\n    <div class=\"eael-grid-post-holder\">\n        <div class=\"eael-grid-post-holder-inner\"><div class=\"eael-entry-media\"><div class=\"eael-entry-overlay none\"><i class=\"fas fa-long-arrow-alt-right\" aria-hidden=\"true\"><\/i><a href=\"https:\/\/lavozdetodos.com.ar\/?p=13976\"><\/a><\/div><div class=\"eael-entry-thumbnail eael-image-ratio\">\n                            <img loading=\"lazy\" decoding=\"async\" width=\"768\" height=\"960\" src=\"https:\/\/lavozdetodos.com.ar\/wp-content\/uploads\/2026\/08\/770670542_1498278239005377_6359536977932138991_n-768x960.jpg\" class=\"attachment-medium_large size-medium_large wp-image-13977\" alt=\"\" srcset=\"https:\/\/lavozdetodos.com.ar\/wp-content\/uploads\/2026\/08\/770670542_1498278239005377_6359536977932138991_n-768x960.jpg 768w, https:\/\/lavozdetodos.com.ar\/wp-content\/uploads\/2026\/08\/770670542_1498278239005377_6359536977932138991_n-240x300.jpg 240w, https:\/\/lavozdetodos.com.ar\/wp-content\/uploads\/2026\/08\/770670542_1498278239005377_6359536977932138991_n-640x800.jpg 640w, https:\/\/lavozdetodos.com.ar\/wp-content\/uploads\/2026\/08\/770670542_1498278239005377_6359536977932138991_n-1229x1536.jpg 1229w, https:\/\/lavozdetodos.com.ar\/wp-content\/uploads\/2026\/08\/770670542_1498278239005377_6359536977932138991_n.jpg 1638w\" sizes=\"(max-width: 768px) 100vw, 768px\" \/>\n                            <\/div>\n                    <\/div><div class=\"eael-entry-wrapper\"><header class=\"eael-entry-header\"><h2 class=\"eael-entry-title\"><a class=\"eael-grid-post-link\" href=\"https:\/\/lavozdetodos.com.ar\/?p=13976\" title=\"1\u00b0 de Mayo mejora el camino hacia Villa Elisa\">1\u00b0 de Mayo mejora el camino hacia Villa Elisa<\/a><\/h2><\/header><div class=\"eael-entry-content\">\n                                <div class=\"eael-grid-post-excerpt\"><p>La Municipalidad de 1.\u00ba de Mayo lleva adelante trabajos de mejora en el camino hacia Villa Elisa, sobre la Ruta...<\/p><\/div>\n                            <\/div><div class=\"eael-entry-header-after style-two\"><div class=\"eael-entry-meta\"><span class=\"eael-posted-by style-two-footer\"><a href=\"https:\/\/lavozdetodos.com.ar\/?author=5\" title=\"Entradas de La Voz De Todos\" rel=\"author\">La Voz De Todos<\/a><\/span><span class=\"eael-meta-posted-on\"><i class=\"far fa-clock\"><\/i><time datetime=\"19 agosto, 2026\">19 agosto, 2026<\/time><\/span><\/div><\/div><\/div><\/div>\n    <\/div>\n<\/article><article class=\"eael-grid-post  eael-post-grid-column eael-pg-post-13973 category-provinciales-ultimas-noticias\" data-id=\"13973\">\n    <div class=\"eael-grid-post-holder\">\n        <div class=\"eael-grid-post-holder-inner\"><div class=\"eael-entry-media\"><div class=\"eael-entry-overlay none\"><i class=\"fas fa-long-arrow-alt-right\" aria-hidden=\"true\"><\/i><a href=\"https:\/\/lavozdetodos.com.ar\/?p=13973\"><\/a><\/div><div class=\"eael-entry-thumbnail eael-image-ratio\">\n                            <img loading=\"lazy\" decoding=\"async\" width=\"768\" height=\"540\" src=\"https:\/\/lavozdetodos.com.ar\/wp-content\/uploads\/2026\/08\/780950106_1503309425168925_1278432442598872418_n-768x540.jpg\" class=\"attachment-medium_large size-medium_large wp-image-13974\" alt=\"\" srcset=\"https:\/\/lavozdetodos.com.ar\/wp-content\/uploads\/2026\/08\/780950106_1503309425168925_1278432442598872418_n-768x540.jpg 768w, https:\/\/lavozdetodos.com.ar\/wp-content\/uploads\/2026\/08\/780950106_1503309425168925_1278432442598872418_n-300x211.jpg 300w, https:\/\/lavozdetodos.com.ar\/wp-content\/uploads\/2026\/08\/780950106_1503309425168925_1278432442598872418_n-800x563.jpg 800w, https:\/\/lavozdetodos.com.ar\/wp-content\/uploads\/2026\/08\/780950106_1503309425168925_1278432442598872418_n-1536x1080.jpg 1536w, https:\/\/lavozdetodos.com.ar\/wp-content\/uploads\/2026\/08\/780950106_1503309425168925_1278432442598872418_n.jpg 1600w\" sizes=\"(max-width: 768px) 100vw, 768px\" \/>\n                            <\/div>\n                    <\/div><div class=\"eael-entry-wrapper\"><header class=\"eael-entry-header\"><h2 class=\"eael-entry-title\"><a class=\"eael-grid-post-link\" href=\"https:\/\/lavozdetodos.com.ar\/?p=13973\" title=\"El Concejo Deliberante de 1\u00b0 de Mayo tendr\u00e1 sesi\u00f3n hoy\">El Concejo Deliberante de 1\u00b0 de Mayo tendr\u00e1 sesi\u00f3n hoy<\/a><\/h2><\/header><div class=\"eael-entry-content\">\n                                <div class=\"eael-grid-post-excerpt\"><p>El Honorable Concejo Deliberante de la Municipalidad de Primero de Mayo llevar\u00e1 adelante una nueva sesi\u00f3n ordinaria este mi\u00e9rcoles 19...<\/p><\/div>\n                            <\/div><div class=\"eael-entry-header-after style-two\"><div class=\"eael-entry-meta\"><span class=\"eael-posted-by style-two-footer\"><a href=\"https:\/\/lavozdetodos.com.ar\/?author=5\" title=\"Entradas de La Voz De Todos\" rel=\"author\">La Voz De Todos<\/a><\/span><span class=\"eael-meta-posted-on\"><i class=\"far fa-clock\"><\/i><time datetime=\"19 agosto, 2026\">19 agosto, 2026<\/time><\/span><\/div><\/div><\/div><\/div>\n    <\/div>\n<\/article><article class=\"eael-grid-post  eael-post-grid-column eael-pg-post-14051 category-provinciales-ultimas-noticias\" data-id=\"14051\">\n    <div class=\"eael-grid-post-holder\">\n        <div class=\"eael-grid-post-holder-inner\"><div class=\"eael-entry-media\"><div class=\"eael-entry-overlay none\"><i class=\"fas fa-long-arrow-alt-right\" aria-hidden=\"true\"><\/i><a href=\"https:\/\/lavozdetodos.com.ar\/?p=14051\"><\/a><\/div><div class=\"eael-entry-thumbnail eael-image-ratio\">\n                            <img loading=\"lazy\" decoding=\"async\" width=\"768\" height=\"960\" src=\"https:\/\/lavozdetodos.com.ar\/wp-content\/uploads\/2026\/09\/779844594_1499073652261173_3199786715750035043_n-768x960.jpg\" class=\"attachment-medium_large size-medium_large wp-image-14052\" alt=\"\" srcset=\"https:\/\/lavozdetodos.com.ar\/wp-content\/uploads\/2026\/09\/779844594_1499073652261173_3199786715750035043_n-768x960.jpg 768w, https:\/\/lavozdetodos.com.ar\/wp-content\/uploads\/2026\/09\/779844594_1499073652261173_3199786715750035043_n-240x300.jpg 240w, https:\/\/lavozdetodos.com.ar\/wp-content\/uploads\/2026\/09\/779844594_1499073652261173_3199786715750035043_n-640x800.jpg 640w, https:\/\/lavozdetodos.com.ar\/wp-content\/uploads\/2026\/09\/779844594_1499073652261173_3199786715750035043_n-1228x1536.jpg 1228w, https:\/\/lavozdetodos.com.ar\/wp-content\/uploads\/2026\/09\/779844594_1499073652261173_3199786715750035043_n.jpg 1350w\" sizes=\"(max-width: 768px) 100vw, 768px\" \/>\n                            <\/div>\n                    <\/div><div class=\"eael-entry-wrapper\"><header class=\"eael-entry-header\"><h2 class=\"eael-entry-title\"><a class=\"eael-grid-post-link\" href=\"https:\/\/lavozdetodos.com.ar\/?p=14051\" title=\"Pronunciamiento se destac\u00f3 en un torneo de tejo en Uruguay\">Pronunciamiento se destac\u00f3 en un torneo de tejo en Uruguay<\/a><\/h2><\/header><div class=\"eael-entry-content\">\n                                <div class=\"eael-grid-post-excerpt\"><p>Susana Bordet y Juan Colli, representantes del Tejo de Pronunciamiento e integrantes del Taller Municipal de Adultos Mayores, participaron del...<\/p><\/div>\n                            <\/div><div class=\"eael-entry-header-after style-two\"><div class=\"eael-entry-meta\"><span class=\"eael-posted-by style-two-footer\"><a href=\"https:\/\/lavozdetodos.com.ar\/?author=5\" title=\"Entradas de La Voz De Todos\" rel=\"author\">La Voz De Todos<\/a><\/span><span class=\"eael-meta-posted-on\"><i class=\"far fa-clock\"><\/i><time datetime=\"18 agosto, 2026\">18 agosto, 2026<\/time><\/span><\/div><\/div><\/div><\/div>\n    <\/div>\n<\/article><\/div>\n            <div class=\"clearfix\"><\/div>\n        <\/div>            <div class=\"eael-load-more-button-wrap eael-force-hide\">\n                <button class=\"eael-load-more-button\" id=\"eael-load-more-btn-878bbd8\" data-widget-id=\"878bbd8\" data-widget=\"878bbd8\" data-page-id=\"12466\" data-template=\"{&quot;dir&quot;:&quot;lite&quot;,&quot;file_name&quot;:&quot;two.php&quot;,&quot;name&quot;:&quot;Post-Grid&quot;}\" data-class=\"Essential_Addons_Elementor\\Elements\\Post_Grid\" data-layout=\"masonry\" data-page=\"1\" data-args=\"orderby=date&amp;order=desc&amp;ignore_sticky_posts=1&amp;post_status=publish&amp;posts_per_page=8&amp;offset=&amp;post_type=post&amp;tax_query%5B0%5D%5Btaxonomy%5D=category&amp;tax_query%5B0%5D%5Bfield%5D=term_id&amp;tax_query%5B0%5D%5Bterms%5D%5B0%5D=15&amp;tax_query%5Brelation%5D=AND\" data-max-page=\"82\">\n                    <span class=\"eael-btn-loader button__loader\"><\/span>\n                    <span class=\"eael_load_more_text\">Cargar m\u00e1s<\/span>\n                <\/button>\n            <\/div>\n            \t\t\t\t<\/div>\n\t\t\t\t<\/div>\n\t\t\t\t<\/div>\n\t\t\t\t\t<\/div>\n\t\t\t\t<\/div>\n\t\t<div class=\"elementor-element elementor-element-2142cfa e-flex e-con-boxed e-con e-parent\" data-id=\"2142cfa\" data-element_type=\"container\" data-e-type=\"container\">\n\t\t\t\t\t<div class=\"e-con-inner\">\n\t\t\t\t\t<\/div>\n\t\t\t\t<\/div>\n\t\t\t\t<\/div>\n\t\t","protected":false},"excerpt":{"rendered":"<p>DOLAR HOY LOTERIAS QUINI 6 Villa Elisa acompa\u00f1\u00f3 la visita del gobernador Rogelio Frigerio a la Expo Rural Col\u00f3n Este evento reuni\u00f3 a productores, emprendedores y familias en una celebraci\u00f3n&#8230;<\/p>\n","protected":false},"author":1,"featured_media":0,"parent":0,"menu_order":0,"comment_status":"closed","ping_status":"closed","template":"elementor_header_footer","meta":{"_kad_post_transparent":"","_kad_post_title":"","_kad_post_layout":"","_kad_post_sidebar_id":"","_kad_post_content_style":"","_kad_post_vertical_padding":"","_kad_post_feature":"","_kad_post_feature_position":"","_kad_post_header":false,"_kad_post_footer":false,"_kad_post_classname":"","footnotes":""},"class_list":["post-12466","page","type-page","status-publish","hentry"],"_links":{"self":[{"href":"https:\/\/lavozdetodos.com.ar\/index.php?rest_route=\/wp\/v2\/pages\/12466","targetHints":{"allow":["GET"]}}],"collection":[{"href":"https:\/\/lavozdetodos.com.ar\/index.php?rest_route=\/wp\/v2\/pages"}],"about":[{"href":"https:\/\/lavozdetodos.com.ar\/index.php?rest_route=\/wp\/v2\/types\/page"}],"author":[{"embeddable":true,"href":"https:\/\/lavozdetodos.com.ar\/index.php?rest_route=\/wp\/v2\/users\/1"}],"replies":[{"embeddable":true,"href":"https:\/\/lavozdetodos.com.ar\/index.php?rest_route=%2Fwp%2Fv2%2Fcomments&post=12466"}],"version-history":[{"count":283,"href":"https:\/\/lavozdetodos.com.ar\/index.php?rest_route=\/wp\/v2\/pages\/12466\/revisions"}],"predecessor-version":[{"id":14082,"href":"https:\/\/lavozdetodos.com.ar\/index.php?rest_route=\/wp\/v2\/pages\/12466\/revisions\/14082"}],"wp:attachment":[{"href":"https:\/\/lavozdetodos.com.ar\/index.php?rest_route=%2Fwp%2Fv2%2Fmedia&parent=12466"}],"curies":[{"name":"wp","href":"https:\/\/api.w.org\/{rel}","templated":true}]}}